

{"id":2,"date":"2019-04-12T12:05:26","date_gmt":"2019-04-12T12:05:26","guid":{"rendered":"http:\/\/www.gfaop.org\/site2\/?page_id=2"},"modified":"2021-11-02T00:18:35","modified_gmt":"2021-11-01T23:18:35","slug":"linstitut","status":"publish","type":"page","link":"https:\/\/www.gfaop.org\/institut\/linstitut\/","title":{"rendered":"L&#8217;institut Jean Lemerle"},"content":{"rendered":"\t\t<div data-elementor-type=\"wp-post\" data-elementor-id=\"2\" class=\"elementor elementor-2\">\n\t\t\t\t\t\t\t\t\t<section class=\"elementor-section elementor-top-section elementor-element elementor-element-1ea0cc23 elementor-section-full_width elementor-section-height-default elementor-section-height-default\" data-id=\"1ea0cc23\" data-element_type=\"section\" data-settings=\"{&quot;background_background&quot;:&quot;classic&quot;}\">\n\t\t\t\t\t\t<div class=\"elementor-container elementor-column-gap-default\">\n\t\t\t\t\t<div class=\"elementor-column elementor-col-100 elementor-top-column elementor-element elementor-element-5c976321\" data-id=\"5c976321\" data-element_type=\"column\">\n\t\t\t<div class=\"elementor-widget-wrap elementor-element-populated\">\n\t\t\t\t\t\t\t\t<div class=\"elementor-element elementor-element-2201e607 elementor-widget elementor-widget-text-editor\" data-id=\"2201e607\" data-element_type=\"widget\" data-widget_type=\"text-editor.default\">\n\t\t\t\t<div class=\"elementor-widget-container\">\n\t\t\t\t\t\t\t<p>[rev_slider alias=&#8221;institut&#8221;]<\/p>\t\t\t\t\t\t<\/div>\n\t\t\t\t<\/div>\n\t\t\t\t\t<\/div>\n\t\t<\/div>\n\t\t\t\t\t\t\t<\/div>\n\t\t<\/section>\n\t\t\t\t<section class=\"elementor-section elementor-top-section elementor-element elementor-element-5ae51a6 elementor-section-full_width elementor-section-height-default elementor-section-height-default\" data-id=\"5ae51a6\" data-element_type=\"section\" data-settings=\"{&quot;background_background&quot;:&quot;classic&quot;}\">\n\t\t\t\t\t\t<div class=\"elementor-container elementor-column-gap-default\">\n\t\t\t\t\t<div class=\"elementor-column elementor-col-100 elementor-top-column elementor-element elementor-element-fceab79\" data-id=\"fceab79\" data-element_type=\"column\">\n\t\t\t<div class=\"elementor-widget-wrap elementor-element-populated\">\n\t\t\t\t\t\t\t\t<div class=\"elementor-element elementor-element-50edd40 elementor-widget elementor-widget-heading\" data-id=\"50edd40\" data-element_type=\"widget\" data-widget_type=\"heading.default\">\n\t\t\t\t<div class=\"elementor-widget-container\">\n\t\t\t<h2 class=\"elementor-heading-title elementor-size-default\">Les formations<\/h2>\t\t<\/div>\n\t\t\t\t<\/div>\n\t\t\t\t<section class=\"elementor-section elementor-inner-section elementor-element elementor-element-1b7c194 elementor-section-boxed elementor-section-height-default elementor-section-height-default\" data-id=\"1b7c194\" data-element_type=\"section\">\n\t\t\t\t\t\t<div class=\"elementor-container elementor-column-gap-default\">\n\t\t\t\t\t<div class=\"elementor-column elementor-col-33 elementor-inner-column elementor-element elementor-element-9333db6\" data-id=\"9333db6\" data-element_type=\"column\" data-settings=\"{&quot;background_background&quot;:&quot;classic&quot;}\">\n\t\t\t<div class=\"elementor-widget-wrap elementor-element-populated\">\n\t\t\t\t\t<div class=\"elementor-background-overlay\"><\/div>\n\t\t\t\t\t\t\t\t<div class=\"elementor-element elementor-element-f9c5fb1 elementor-view-default elementor-position-top elementor-mobile-position-top elementor-widget elementor-widget-icon-box\" data-id=\"f9c5fb1\" data-element_type=\"widget\" data-widget_type=\"icon-box.default\">\n\t\t\t\t<div class=\"elementor-widget-container\">\n\t\t\t\t\t<div class=\"elementor-icon-box-wrapper\">\n\t\t\t\t\t\t<div class=\"elementor-icon-box-icon\">\n\t\t\t\t<span  class=\"elementor-icon elementor-animation-\">\n\t\t\t\t<i aria-hidden=\"true\" class=\"faseci font2114646940-search\"><\/i>\t\t\t\t<\/span>\n\t\t\t<\/div>\n\t\t\t\t\t\t<div class=\"elementor-icon-box-content\">\n\t\t\t\t<h3 class=\"elementor-icon-box-title\">\n\t\t\t\t\t<span  >\n\t\t\t\t\t\tDiagnostic pr\u00e9coce \t\t\t\t\t<\/span>\n\t\t\t\t<\/h3>\n\t\t\t\t\t\t\t<\/div>\n\t\t<\/div>\n\t\t\t\t<\/div>\n\t\t\t\t<\/div>\n\t\t\t\t<div class=\"elementor-element elementor-element-4bc0ac4 elementor-widget-divider--view-line elementor-widget elementor-widget-divider\" data-id=\"4bc0ac4\" data-element_type=\"widget\" data-widget_type=\"divider.default\">\n\t\t\t\t<div class=\"elementor-widget-container\">\n\t\t\t\t\t<div class=\"elementor-divider\">\n\t\t\t<span class=\"elementor-divider-separator\">\n\t\t\t\t\t\t<\/span>\n\t\t<\/div>\n\t\t\t\t<\/div>\n\t\t\t\t<\/div>\n\t\t\t\t<div class=\"elementor-element elementor-element-540e3bc elementor-align-center elementor-icon-list--layout-traditional elementor-list-item-link-full_width elementor-widget elementor-widget-icon-list\" data-id=\"540e3bc\" data-element_type=\"widget\" data-widget_type=\"icon-list.default\">\n\t\t\t\t<div class=\"elementor-widget-container\">\n\t\t\t\t\t<ul class=\"elementor-icon-list-items\">\n\t\t\t\t\t\t\t<li class=\"elementor-icon-list-item\">\n\t\t\t\t\t\t\t\t\t\t\t<a href=\"https:\/\/www.gfaop.org\/institut\/diagnostic-precoce\/\">\n\n\t\t\t\t\t\t\t\t\t\t\t<span class=\"elementor-icon-list-text\">Pr\u00e9sentation<\/span>\n\t\t\t\t\t\t\t\t\t\t\t<\/a>\n\t\t\t\t\t\t\t\t\t<\/li>\n\t\t\t\t\t\t\t\t<li class=\"elementor-icon-list-item\">\n\t\t\t\t\t\t\t\t\t\t\t<a href=\"https:\/\/www.gfaop.org\/institut\/les-prochaines-formations-au-diagnostic-precoce\/\">\n\n\t\t\t\t\t\t\t\t\t\t\t<span class=\"elementor-icon-list-text\">Prochaines formations<\/span>\n\t\t\t\t\t\t\t\t\t\t\t<\/a>\n\t\t\t\t\t\t\t\t\t<\/li>\n\t\t\t\t\t\t\t\t<li class=\"elementor-icon-list-item\">\n\t\t\t\t\t\t\t\t\t\t<span class=\"elementor-icon-list-text\">Espace membre<\/span>\n\t\t\t\t\t\t\t\t\t<\/li>\n\t\t\t\t\t\t<\/ul>\n\t\t\t\t<\/div>\n\t\t\t\t<\/div>\n\t\t\t\t\t<\/div>\n\t\t<\/div>\n\t\t\t\t<div class=\"elementor-column elementor-col-33 elementor-inner-column elementor-element elementor-element-fa3c6f0\" data-id=\"fa3c6f0\" data-element_type=\"column\" data-settings=\"{&quot;background_background&quot;:&quot;classic&quot;}\">\n\t\t\t<div class=\"elementor-widget-wrap elementor-element-populated\">\n\t\t\t\t\t<div class=\"elementor-background-overlay\"><\/div>\n\t\t\t\t\t\t\t\t<div class=\"elementor-element elementor-element-d5ad6b7 elementor-view-default elementor-position-top elementor-mobile-position-top elementor-widget elementor-widget-icon-box\" data-id=\"d5ad6b7\" data-element_type=\"widget\" data-widget_type=\"icon-box.default\">\n\t\t\t\t<div class=\"elementor-widget-container\">\n\t\t\t\t\t<div class=\"elementor-icon-box-wrapper\">\n\t\t\t\t\t\t<div class=\"elementor-icon-box-icon\">\n\t\t\t\t<span  class=\"elementor-icon elementor-animation-\">\n\t\t\t\t<i aria-hidden=\"true\" class=\"faseci font2114646940-users-outline\"><\/i>\t\t\t\t<\/span>\n\t\t\t<\/div>\n\t\t\t\t\t\t<div class=\"elementor-icon-box-content\">\n\t\t\t\t<h3 class=\"elementor-icon-box-title\">\n\t\t\t\t\t<span  >\n\t\t\t\t\t\tPluridisciplinarit\u00e9\t\t\t\t\t<\/span>\n\t\t\t\t<\/h3>\n\t\t\t\t\t\t\t<\/div>\n\t\t<\/div>\n\t\t\t\t<\/div>\n\t\t\t\t<\/div>\n\t\t\t\t<div class=\"elementor-element elementor-element-e0543b9 elementor-widget-divider--view-line elementor-widget elementor-widget-divider\" data-id=\"e0543b9\" data-element_type=\"widget\" data-widget_type=\"divider.default\">\n\t\t\t\t<div class=\"elementor-widget-container\">\n\t\t\t\t\t<div class=\"elementor-divider\">\n\t\t\t<span class=\"elementor-divider-separator\">\n\t\t\t\t\t\t<\/span>\n\t\t<\/div>\n\t\t\t\t<\/div>\n\t\t\t\t<\/div>\n\t\t\t\t<div class=\"elementor-element elementor-element-31993dd elementor-align-center elementor-icon-list--layout-traditional elementor-list-item-link-full_width elementor-widget elementor-widget-icon-list\" data-id=\"31993dd\" data-element_type=\"widget\" data-widget_type=\"icon-list.default\">\n\t\t\t\t<div class=\"elementor-widget-container\">\n\t\t\t\t\t<ul class=\"elementor-icon-list-items\">\n\t\t\t\t\t\t\t<li class=\"elementor-icon-list-item\">\n\t\t\t\t\t\t\t\t\t\t\t<a href=\"https:\/\/www.gfaop.org\/institut\/formations-pluridisciplinaires\/\">\n\n\t\t\t\t\t\t\t\t\t\t\t<span class=\"elementor-icon-list-text\">Pr\u00e9sentation<\/span>\n\t\t\t\t\t\t\t\t\t\t\t<\/a>\n\t\t\t\t\t\t\t\t\t<\/li>\n\t\t\t\t\t\t\t\t<li class=\"elementor-icon-list-item\">\n\t\t\t\t\t\t\t\t\t\t<span class=\"elementor-icon-list-text\">Espace membre<\/span>\n\t\t\t\t\t\t\t\t\t<\/li>\n\t\t\t\t\t\t<\/ul>\n\t\t\t\t<\/div>\n\t\t\t\t<\/div>\n\t\t\t\t\t<\/div>\n\t\t<\/div>\n\t\t\t\t<div class=\"elementor-column elementor-col-33 elementor-inner-column elementor-element elementor-element-8cb601a\" data-id=\"8cb601a\" data-element_type=\"column\" data-settings=\"{&quot;background_background&quot;:&quot;classic&quot;}\">\n\t\t\t<div class=\"elementor-widget-wrap elementor-element-populated\">\n\t\t\t\t\t<div class=\"elementor-background-overlay\"><\/div>\n\t\t\t\t\t\t\t\t<div class=\"elementor-element elementor-element-134c9a5 elementor-widget elementor-widget-icon-box\" data-id=\"134c9a5\" data-element_type=\"widget\" data-widget_type=\"icon-box.default\">\n\t\t\t\t<div class=\"elementor-widget-container\">\n\t\t\t\t\t<div class=\"elementor-icon-box-wrapper\">\n\t\t\t\t\t\t<div class=\"elementor-icon-box-icon\">\n\t\t\t\t<span  class=\"elementor-icon elementor-animation-\">\n\t\t\t\t\t\t\t\t<\/span>\n\t\t\t<\/div>\n\t\t\t\t\t\t<div class=\"elementor-icon-box-content\">\n\t\t\t\t<h3 class=\"elementor-icon-box-title\">\n\t\t\t\t\t<span  >\n\t\t\t\t\t\tSoins Infirmiers\t\t\t\t\t<\/span>\n\t\t\t\t<\/h3>\n\t\t\t\t\t\t\t<\/div>\n\t\t<\/div>\n\t\t\t\t<\/div>\n\t\t\t\t<\/div>\n\t\t\t\t<div class=\"elementor-element elementor-element-d3c3223 elementor-widget-divider--view-line elementor-widget elementor-widget-divider\" data-id=\"d3c3223\" data-element_type=\"widget\" data-widget_type=\"divider.default\">\n\t\t\t\t<div class=\"elementor-widget-container\">\n\t\t\t\t\t<div class=\"elementor-divider\">\n\t\t\t<span class=\"elementor-divider-separator\">\n\t\t\t\t\t\t<\/span>\n\t\t<\/div>\n\t\t\t\t<\/div>\n\t\t\t\t<\/div>\n\t\t\t\t<div class=\"elementor-element elementor-element-2ec381a elementor-align-center elementor-icon-list--layout-traditional elementor-list-item-link-full_width elementor-widget elementor-widget-icon-list\" data-id=\"2ec381a\" data-element_type=\"widget\" data-widget_type=\"icon-list.default\">\n\t\t\t\t<div class=\"elementor-widget-container\">\n\t\t\t\t\t<ul class=\"elementor-icon-list-items\">\n\t\t\t\t\t\t\t<li class=\"elementor-icon-list-item\">\n\t\t\t\t\t\t\t\t\t\t\t<a href=\"https:\/\/www.gfaop.org\/institut\/formations-en-soins-infirmiers\/\">\n\n\t\t\t\t\t\t\t\t\t\t\t<span class=\"elementor-icon-list-text\">Pr\u00e9sentation<\/span>\n\t\t\t\t\t\t\t\t\t\t\t<\/a>\n\t\t\t\t\t\t\t\t\t<\/li>\n\t\t\t\t\t\t\t\t<li class=\"elementor-icon-list-item\">\n\t\t\t\t\t\t\t\t\t\t\t<a href=\"https:\/\/www.gfaop.org\/institut\/les-prochaines-formations-en-soins-infirmiers\/\">\n\n\t\t\t\t\t\t\t\t\t\t\t<span class=\"elementor-icon-list-text\">Prochaines formations<\/span>\n\t\t\t\t\t\t\t\t\t\t\t<\/a>\n\t\t\t\t\t\t\t\t\t<\/li>\n\t\t\t\t\t\t\t\t<li class=\"elementor-icon-list-item\">\n\t\t\t\t\t\t\t\t\t\t<span class=\"elementor-icon-list-text\">Espace membre<\/span>\n\t\t\t\t\t\t\t\t\t<\/li>\n\t\t\t\t\t\t<\/ul>\n\t\t\t\t<\/div>\n\t\t\t\t<\/div>\n\t\t\t\t\t<\/div>\n\t\t<\/div>\n\t\t\t\t\t\t\t<\/div>\n\t\t<\/section>\n\t\t\t\t\t<\/div>\n\t\t<\/div>\n\t\t\t\t\t\t\t<\/div>\n\t\t<\/section>\n\t\t\t\t<section class=\"elementor-section elementor-top-section elementor-element elementor-element-d540785 elementor-section-full_width elementor-section-height-default elementor-section-height-default\" data-id=\"d540785\" data-element_type=\"section\" data-settings=\"{&quot;background_background&quot;:&quot;classic&quot;}\">\n\t\t\t\t\t\t<div class=\"elementor-container elementor-column-gap-default\">\n\t\t\t\t\t<div class=\"elementor-column elementor-col-100 elementor-top-column elementor-element elementor-element-4cbcc4d\" data-id=\"4cbcc4d\" data-element_type=\"column\">\n\t\t\t<div class=\"elementor-widget-wrap elementor-element-populated\">\n\t\t\t\t\t\t\t\t<section class=\"elementor-section elementor-inner-section elementor-element elementor-element-410d61a elementor-section-full_width elementor-section-height-default elementor-section-height-default\" data-id=\"410d61a\" data-element_type=\"section\">\n\t\t\t\t\t\t<div class=\"elementor-container elementor-column-gap-default\">\n\t\t\t\t\t<div class=\"elementor-column elementor-col-100 elementor-inner-column elementor-element elementor-element-f540ab8\" data-id=\"f540ab8\" data-element_type=\"column\">\n\t\t\t<div class=\"elementor-widget-wrap elementor-element-populated\">\n\t\t\t\t\t\t\t\t<div class=\"elementor-element elementor-element-7b4a78e elementor-widget elementor-widget-heading\" data-id=\"7b4a78e\" data-element_type=\"widget\" data-widget_type=\"heading.default\">\n\t\t\t\t<div class=\"elementor-widget-container\">\n\t\t\t<h2 class=\"elementor-heading-title elementor-size-default\">T\u00e9moignages<\/h2>\t\t<\/div>\n\t\t\t\t<\/div>\n\t\t\t\t<div class=\"elementor-element elementor-element-3a3b8de elementor-testimonial--layout-image_above elementor-testimonial--skin-default elementor-testimonial--align-center elementor-arrows-yes elementor-pagination-type-bullets elementor-widget elementor-widget-testimonial-carousel\" data-id=\"3a3b8de\" data-element_type=\"widget\" data-settings=\"{&quot;show_arrows&quot;:&quot;yes&quot;,&quot;pagination&quot;:&quot;bullets&quot;,&quot;speed&quot;:500,&quot;autoplay&quot;:&quot;yes&quot;,&quot;autoplay_speed&quot;:5000,&quot;loop&quot;:&quot;yes&quot;,&quot;pause_on_hover&quot;:&quot;yes&quot;,&quot;pause_on_interaction&quot;:&quot;yes&quot;,&quot;space_between&quot;:{&quot;unit&quot;:&quot;px&quot;,&quot;size&quot;:10,&quot;sizes&quot;:[]},&quot;space_between_tablet&quot;:{&quot;unit&quot;:&quot;px&quot;,&quot;size&quot;:10,&quot;sizes&quot;:[]},&quot;space_between_mobile&quot;:{&quot;unit&quot;:&quot;px&quot;,&quot;size&quot;:10,&quot;sizes&quot;:[]}}\" data-widget_type=\"testimonial-carousel.default\">\n\t\t\t\t<div class=\"elementor-widget-container\">\n\t\t\t\t\t<div class=\"elementor-swiper\">\n\t\t\t<div class=\"elementor-main-swiper swiper-container\">\n\t\t\t\t<div class=\"swiper-wrapper\">\n\t\t\t\t\t\t\t\t\t\t\t<div class=\"swiper-slide\">\n\t\t\t\t\t\t\t\t\t<div class=\"elementor-testimonial\">\n\t\t\t\t\t\t\t<div class=\"elementor-testimonial__content\">\n\t\t\t\t\t<div class=\"elementor-testimonial__text\">\n\t\t\t\t\t\t\u00ab  Nous avons construit une association m\u00e9dicale porteuse d\u2019espoir pour beaucoup d\u2019enfants africains. La cr\u00e9ation d\u2019un Institut de formation en oncologie p\u00e9diatrique en Afrique est une nouvelle grande \u00e9tape \u00bb\n\t\t\t\t\t<\/div>\n\t\t\t\t\t<cite class=\"elementor-testimonial__cite\"><span class=\"elementor-testimonial__name\">Pr Mhamed Harif<\/span><span class=\"elementor-testimonial__title\">Ancien Pr\u00e9sident du GFAOP<\/span><\/cite>\t\t\t\t<\/div>\n\t\t\t\t\t\t<div class=\"elementor-testimonial__footer\">\n\t\t\t\t\t\t\t\t\t<div class=\"elementor-testimonial__image\">\n\t\t\t\t\t\t<img decoding=\"async\" src=\"https:\/\/www.gfaop.org\/institut\/wp-content\/uploads\/sites\/3\/2020\/05\/equipe-bureau-Photo-Mhamed-Harif.jpg\" alt=\"Pr Mhamed Harif\">\n\t\t\t\t\t\t\t\t\t\t\t<\/div>\n\t\t\t\t\t\t\t\t\t\t\t<\/div>\n\t\t<\/div>\n\t\t\t\t\t\t\t\t<\/div>\n\t\t\t\t\t\t\t\t\t\t\t<div class=\"swiper-slide\">\n\t\t\t\t\t\t\t\t\t<div class=\"elementor-testimonial\">\n\t\t\t\t\t\t\t<div class=\"elementor-testimonial__content\">\n\t\t\t\t\t<div class=\"elementor-testimonial__text\">\n\t\t\t\t\t\t\u00abEnsemble, conjuguons nos expertises pour am\u00e9liorer la prise en charge des enfants atteints de cancer et cr\u00e9ons un mod\u00e8le \u00e0 suivre pour d\u2019autres pays.\u00bb\n\t\t\t\t\t<\/div>\n\t\t\t\t\t<cite class=\"elementor-testimonial__cite\"><span class=\"elementor-testimonial__name\">John Damonti<\/span><span class=\"elementor-testimonial__title\">Pr\u00e9sident de la Fondation Bristol-Myers Squibb<\/span><\/cite>\t\t\t\t<\/div>\n\t\t\t\t\t\t<div class=\"elementor-testimonial__footer\">\n\t\t\t\t\t\t\t\t\t<div class=\"elementor-testimonial__image\">\n\t\t\t\t\t\t<img decoding=\"async\" src=\"https:\/\/www.gfaop.org\/institut\/wp-content\/uploads\/sites\/3\/2020\/05\/John-Damonti.jpg\" alt=\"John Damonti\">\n\t\t\t\t\t\t\t\t\t\t\t<\/div>\n\t\t\t\t\t\t\t\t\t\t\t<\/div>\n\t\t<\/div>\n\t\t\t\t\t\t\t\t<\/div>\n\t\t\t\t\t\t\t\t\t\t\t<div class=\"swiper-slide\">\n\t\t\t\t\t\t\t\t\t<div class=\"elementor-testimonial\">\n\t\t\t\t\t\t\t<div class=\"elementor-testimonial__content\">\n\t\t\t\t\t<div class=\"elementor-testimonial__text\">\n\t\t\t\t\t\t\"Actuellement le cancer est sous d\u00e9tect\u00e9 au S\u00e9n\u00e9gal. Il est n\u00e9cessaire d'am\u00e9liorer les connaissances des des communaut\u00e9s, des prestataires, des familles pour que d\u00e8s qu'on a des signes d'alerte on puisse r\u00e9f\u00e9rer les enfants vers les m\u00e9decins sp\u00e9cialistes@\t\t\t\t\t<\/div>\n\t\t\t\t\t<cite class=\"elementor-testimonial__cite\"><span class=\"elementor-testimonial__name\">Dr Babacar Gueye<\/span><span class=\"elementor-testimonial__title\">Chef de la division \"Lutte contre les maladies non transmissibles\" au Minist\u00e8re de la Sant\u00e9 et des affaires sociales du S\u00e9n\u00e9gal<\/span><\/cite>\t\t\t\t<\/div>\n\t\t\t\t\t\t<div class=\"elementor-testimonial__footer\">\n\t\t\t\t\t\t\t\t\t<div class=\"elementor-testimonial__image\">\n\t\t\t\t\t\t<img decoding=\"async\" src=\"https:\/\/www.gfaop.org\/institut\/wp-content\/uploads\/sites\/3\/2020\/03\/Capture-d\u2019e\u0301cran-2020-03-12-a\u0300-19.14.52.png\" alt=\"Dr Babacar Gueye\">\n\t\t\t\t\t\t\t\t\t\t\t<\/div>\n\t\t\t\t\t\t\t\t\t\t\t<\/div>\n\t\t<\/div>\n\t\t\t\t\t\t\t\t<\/div>\n\t\t\t\t\t\t\t\t\t\t\t<div class=\"swiper-slide\">\n\t\t\t\t\t\t\t\t\t<div class=\"elementor-testimonial\">\n\t\t\t\t\t\t\t<div class=\"elementor-testimonial__content\">\n\t\t\t\t\t<div class=\"elementor-testimonial__text\">\n\t\t\t\t\t\t\"C'est un nouveau chapitre de l'Ecole Africaine d'Oncologie p\u00e9diatrique du GFAOP qui s'\u00e9crit avec la cr\u00e9ation  d'un premier institut de formation panafricain\"\t\t\t\t\t<\/div>\n\t\t\t\t\t<cite class=\"elementor-testimonial__cite\"><span class=\"elementor-testimonial__name\">Pr Claude Moreira<\/span><span class=\"elementor-testimonial__title\">Directeur de l'Institut Jean Lemerle<\/span><\/cite>\t\t\t\t<\/div>\n\t\t\t\t\t\t<div class=\"elementor-testimonial__footer\">\n\t\t\t\t\t\t\t\t\t<div class=\"elementor-testimonial__image\">\n\t\t\t\t\t\t<img decoding=\"async\" src=\"https:\/\/www.gfaop.org\/institut\/wp-content\/uploads\/sites\/3\/2020\/05\/photo-claude-moreira-6.jpeg\" alt=\"Pr Claude Moreira\">\n\t\t\t\t\t\t\t\t\t\t\t<\/div>\n\t\t\t\t\t\t\t\t\t\t\t<\/div>\n\t\t<\/div>\n\t\t\t\t\t\t\t\t<\/div>\n\t\t\t\t\t\t\t\t\t\t\t<div class=\"swiper-slide\">\n\t\t\t\t\t\t\t\t\t<div class=\"elementor-testimonial\">\n\t\t\t\t\t\t\t<div class=\"elementor-testimonial__content\">\n\t\t\t\t\t<div class=\"elementor-testimonial__text\">\n\t\t\t\t\t\t\"On peut dire aux parents de bien observer leurs enfants. Ce sont des cancers qui peuvent \u00eatre soign\u00e9s si on les identifie t\u00f4t\"  Formation des infirmiers \u00e0 Dakar\t\t\t\t\t<\/div>\n\t\t\t\t\t<cite class=\"elementor-testimonial__cite\"><span class=\"elementor-testimonial__name\">Madame Gomis<\/span><span class=\"elementor-testimonial__title\">Infirmi\u00e8re, S\u00e9n\u00e9gal<\/span><\/cite>\t\t\t\t<\/div>\n\t\t\t\t\t\t<div class=\"elementor-testimonial__footer\">\n\t\t\t\t\t\t\t\t\t<div class=\"elementor-testimonial__image\">\n\t\t\t\t\t\t<img decoding=\"async\" src=\"https:\/\/www.gfaop.org\/institut\/wp-content\/uploads\/sites\/3\/2020\/03\/Capture-d\u2019e\u0301cran-2020-03-12-a\u0300-19.14.14.png\" alt=\"Madame Gomis\">\n\t\t\t\t\t\t\t\t\t\t\t<\/div>\n\t\t\t\t\t\t\t\t\t\t\t<\/div>\n\t\t<\/div>\n\t\t\t\t\t\t\t\t<\/div>\n\t\t\t\t\t\t\t\t\t\t\t<div class=\"swiper-slide\">\n\t\t\t\t\t\t\t\t\t<div class=\"elementor-testimonial\">\n\t\t\t\t\t\t\t<div class=\"elementor-testimonial__content\">\n\t\t\t\t\t<div class=\"elementor-testimonial__text\">\n\t\t\t\t\t\t \u00abJ'ai \u00e9t\u00e9 \u00e0 la fois enseignante et \u00e9tudiante lors de cette formation; ce fut une exp\u00e9rience tr\u00e8s positive pour moi. J'ai beaucoup appris, en particulier sur l'\u00e9valuation et le traitement de la douleur, ce qui est tr\u00e8s important pour les enfants atteints de cancer. De nos jours, nous sommes beaucoup plus conscients de la douleur induite par les proc\u00e9dures: ponction veineuse, imagerie, aspirations de moelle osseuse, examen du liquide c\u00e9phalo-rachidien pour le diagnostic de la maladie, \u00e9valuation de l'extension et administration du traitement. Nous sommes en route vers Global Care pour ces enfants si l'on prend en compte la douleur induite par les proc\u00e9dures. De retour \u00e0 la maison, j'ai atteint mon premier objectif qui \u00e9tait d'apprendre \u00e0 \u00e9valuer la douleur chez les enfants et de diffuser mes connaissances \u00e0 toute l'\u00e9quipe autour de moi. Cela a chang\u00e9 notre pratique quotidienne et nous voyons les avantages pour tous les enfants. \t\t\t\t\t<\/div>\n\t\t\t\t\t<cite class=\"elementor-testimonial__cite\"><span class=\"elementor-testimonial__name\">Olga Moly<\/span><span class=\"elementor-testimonial__title\">Infirmi\u00e8re \u00e0 l'h\u00f4pital de Treichville ( C\u00f4te d'Ivoire) formation en soins infirmiers aux fondamentaux, Dakar 2019 d'avril 2019 <\/span><\/cite>\t\t\t\t<\/div>\n\t\t\t\t\t\t<div class=\"elementor-testimonial__footer\">\n\t\t\t\t\t\t\t\t\t<div class=\"elementor-testimonial__image\">\n\t\t\t\t\t\t<img decoding=\"async\" src=\"https:\/\/www.gfaop.org\/institut\/wp-content\/uploads\/sites\/3\/2020\/04\/Capture-d\u2019e\u0301cran-2020-04-22-a\u0300-11.43.38.png\" alt=\"Olga Moly\">\n\t\t\t\t\t\t\t\t\t\t\t<\/div>\n\t\t\t\t\t\t\t\t\t\t\t<\/div>\n\t\t<\/div>\n\t\t\t\t\t\t\t\t<\/div>\n\t\t\t\t\t\t\t\t\t<\/div>\n\t\t\t\t\t\t\t\t\t\t\t\t\t\t\t<div class=\"swiper-pagination\"><\/div>\n\t\t\t\t\t\t\t\t\t\t\t\t\t\t\t\t<div class=\"elementor-swiper-button elementor-swiper-button-prev\">\n\t\t\t\t\t\t\t<i aria-hidden=\"true\" class=\"eicon-chevron-left\"><\/i>\t\t\t\t\t\t\t<span class=\"elementor-screen-only\">Pr\u00e9c\u00e9dent<\/span>\n\t\t\t\t\t\t<\/div>\n\t\t\t\t\t\t<div class=\"elementor-swiper-button elementor-swiper-button-next\">\n\t\t\t\t\t\t\t<i aria-hidden=\"true\" class=\"eicon-chevron-right\"><\/i>\t\t\t\t\t\t\t<span class=\"elementor-screen-only\">Suivant<\/span>\n\t\t\t\t\t\t<\/div>\n\t\t\t\t\t\t\t\t\t\t\t\t<\/div>\n\t\t<\/div>\n\t\t\t\t<\/div>\n\t\t\t\t<\/div>\n\t\t\t\t\t<\/div>\n\t\t<\/div>\n\t\t\t\t\t\t\t<\/div>\n\t\t<\/section>\n\t\t\t\t\t<\/div>\n\t\t<\/div>\n\t\t\t\t\t\t\t<\/div>\n\t\t<\/section>\n\t\t\t\t<section class=\"elementor-section elementor-top-section elementor-element elementor-element-40907489 elementor-section-full_width elementor-section-height-min-height elementor-section-items-bottom elementor-hidden-desktop elementor-hidden-tablet elementor-hidden-mobile elementor-section-height-default\" data-id=\"40907489\" data-element_type=\"section\">\n\t\t\t\t\t\t<div class=\"elementor-container elementor-column-gap-default\">\n\t\t\t\t\t<div class=\"elementor-column elementor-col-100 elementor-top-column elementor-element elementor-element-55eaaa29\" data-id=\"55eaaa29\" data-element_type=\"column\">\n\t\t\t<div class=\"elementor-widget-wrap elementor-element-populated\">\n\t\t\t\t\t\t\t\t<section class=\"elementor-section elementor-inner-section elementor-element elementor-element-601c8aff elementor-section-boxed elementor-section-height-default elementor-section-height-default\" data-id=\"601c8aff\" data-element_type=\"section\">\n\t\t\t\t\t\t<div class=\"elementor-container elementor-column-gap-default\">\n\t\t\t\t\t<div class=\"elementor-column elementor-col-100 elementor-inner-column elementor-element elementor-element-4f35c045\" data-id=\"4f35c045\" data-element_type=\"column\">\n\t\t\t<div class=\"elementor-widget-wrap elementor-element-populated\">\n\t\t\t\t\t\t\t\t<div class=\"elementor-element elementor-element-75c9cf60 elementor-widget elementor-widget-heading\" data-id=\"75c9cf60\" data-element_type=\"widget\" data-widget_type=\"heading.default\">\n\t\t\t\t<div class=\"elementor-widget-container\">\n\t\t\t<h2 class=\"elementor-heading-title elementor-size-default\">Actualit\u00e9s<\/h2>\t\t<\/div>\n\t\t\t\t<\/div>\n\t\t\t\t\t<\/div>\n\t\t<\/div>\n\t\t\t\t\t\t\t<\/div>\n\t\t<\/section>\n\t\t\t\t\t<\/div>\n\t\t<\/div>\n\t\t\t\t\t\t\t<\/div>\n\t\t<\/section>\n\t\t\t\t<section class=\"elementor-section elementor-top-section elementor-element elementor-element-58a043be elementor-hidden-desktop elementor-hidden-tablet elementor-hidden-mobile elementor-section-boxed elementor-section-height-default elementor-section-height-default\" data-id=\"58a043be\" data-element_type=\"section\" data-settings=\"{&quot;background_background&quot;:&quot;classic&quot;}\">\n\t\t\t\t\t\t<div class=\"elementor-container elementor-column-gap-default\">\n\t\t\t\t\t<div class=\"elementor-column elementor-col-100 elementor-top-column elementor-element elementor-element-74762369\" data-id=\"74762369\" data-element_type=\"column\">\n\t\t\t<div class=\"elementor-widget-wrap elementor-element-populated\">\n\t\t\t\t\t\t\t\t<section class=\"elementor-section elementor-inner-section elementor-element elementor-element-5eee646e elementor-section-boxed elementor-section-height-default elementor-section-height-default\" data-id=\"5eee646e\" data-element_type=\"section\">\n\t\t\t\t\t\t<div class=\"elementor-container elementor-column-gap-default\">\n\t\t\t\t\t<div class=\"elementor-column elementor-col-100 elementor-inner-column elementor-element elementor-element-238ac48e\" data-id=\"238ac48e\" data-element_type=\"column\">\n\t\t\t<div class=\"elementor-widget-wrap elementor-element-populated\">\n\t\t\t\t\t\t\t\t<div class=\"elementor-element elementor-element-3ff636c ijl-actus elementor-widget elementor-widget-bdt-post-grid\" data-id=\"3ff636c\" data-element_type=\"widget\" data-settings=\"{&quot;columns&quot;:&quot;3&quot;,&quot;columns_tablet&quot;:&quot;2&quot;,&quot;columns_mobile&quot;:&quot;1&quot;}\" data-widget_type=\"bdt-post-grid.bdt-carmie\">\n\t\t\t\t<div class=\"elementor-widget-container\">\n\t\t\t \n\t\t<div id=\"bdt-post-grid-3ff636c\" class=\"bdt-post-grid bdt-post-grid-skin-carmie\">\n\t  \t\t<div class=\"bdt-grid bdt-grid-small\" data-bdt-grid>\n\n\t\t\t\t\t\t\t\t\t\n\t\t            <div class=\"bdt-width-1-1 bdt-width-1-2@s bdt-width-1-3@m\">\n\t\t\t\t\t\t<div class=\"bdt-post-grid-item bdt-transition-toggle bdt-position-relative\">\n\t\t\t\t\t\t\t\t\n\t\t\t\t\t\t\t<div class=\"bdt-post-grid-img-wrap bdt-overflow-hidden\">\n\t\t\t\t<a href=\"https:\/\/www.gfaop.org\/institut\/blog\/2021\/07\/31\/burkina-faso-deploiement-du-programme-de-formation-au-diagnostic-precoce-des-cancers-des-enfants\/\" class=\"bdt-transition-scale-up bdt-background-cover bdt-transition-opaque bdt-flex\" title=\"Burkina Faso, D\u00e9ploiement du programme de formation au Diagnostic pr\u00e9coce des cancers des enfants\" style=\"background-image: url(https:\/\/www.gfaop.org\/institut\/wp-content\/uploads\/sites\/3\/2021\/07\/PHOTO-2021-07-23-18-20-57.jpg)\">\n  \t\t\t\t<\/a>\n\t\t\t<\/div>\n\t\t\t\t\t\t\t<div class=\"bdt-custom-overlay bdt-position-cover\"><\/div>\n\t\t\t\t\t  \t\t\n\t\t\t\t\t  \t\t<div class=\"bdt-post-grid-desc bdt-position-bottom-left\">\n\t\t\t\t\t\t  \t\t<div class=\"bdt-position-medium \">\n\t\t\t\t\t            \t\n\t\t\t\t\t\t\t\t\t<h2 class=\"bdt-post-grid-title\" >\n\t\t\t\t<a href=\"https:\/\/www.gfaop.org\/institut\/blog\/2021\/07\/31\/burkina-faso-deploiement-du-programme-de-formation-au-diagnostic-precoce-des-cancers-des-enfants\/\" class=\"bdt-post-grid-link\" title=\"Burkina Faso, D\u00e9ploiement du programme de formation au Diagnostic pr\u00e9coce des cancers des enfants\">\n\t\t\t\t\tBurkina Faso, D\u00e9ploiement du programme de formation au Diagnostic pr\u00e9coce des cancers des enfants\n\t\t\t\t<\/a>\n\t\t\t<\/h2>\n\t\t\t\t\t\t\t  \t\t<div class=\"bdt-transition-slide-bottom\">\n\t\t\t\t\t\t\t\t\t\t\t\t\t<div class=\"bdt-post-grid-excerpt\">\n\t\t\t<p>Au Burkina on estime qu\u2019entre 800 et 1200 enfants sont atteints de cancer chaque ann\u00e9e.<\/p>\n\t\t\t<\/div>\n\n\t\t\t\t\t\t\t\t\t\t\t<\/div>\n\t\t\t\t\t\t\t\t<\/div>\n\t\t\t\t\t\t\t<\/div>\n\n\t\t\t\t\t\t\t\n\t\t\t\t\t\t<\/div>\n\t\t            <\/div>\n\n\t\t\t\t\t\t\t\t\t\n\t\t            <div class=\"bdt-width-1-1 bdt-width-1-2@s bdt-width-1-3@m\">\n\t\t\t\t\t\t<div class=\"bdt-post-grid-item bdt-transition-toggle bdt-position-relative\">\n\t\t\t\t\t\t\t\t\n\t\t\t\t\t\t\t<div class=\"bdt-post-grid-img-wrap bdt-overflow-hidden\">\n\t\t\t\t<a href=\"https:\/\/www.gfaop.org\/institut\/blog\/2021\/06\/08\/programme-de-formation-au-diagnostic-precoce-des-cancers-de-lenfant-guinee-conakry\/\" class=\"bdt-transition-scale-up bdt-background-cover bdt-transition-opaque bdt-flex\" title=\"Lancement du programme de formation au Diagnostic Pr\u00e9coce des cancers de l\u2019enfant Guin\u00e9e Conakry,\" style=\"background-image: url(https:\/\/www.gfaop.org\/institut\/wp-content\/uploads\/sites\/3\/2021\/06\/PHOTO-2021-05-25-13-25-31.jpg)\">\n  \t\t\t\t<\/a>\n\t\t\t<\/div>\n\t\t\t\t\t\t\t<div class=\"bdt-custom-overlay bdt-position-cover\"><\/div>\n\t\t\t\t\t  \t\t\n\t\t\t\t\t  \t\t<div class=\"bdt-post-grid-desc bdt-position-bottom-left\">\n\t\t\t\t\t\t  \t\t<div class=\"bdt-position-medium \">\n\t\t\t\t\t            \t\n\t\t\t\t\t\t\t\t\t<h2 class=\"bdt-post-grid-title bdt-post-grid-title\" >\n\t\t\t\t<a href=\"https:\/\/www.gfaop.org\/institut\/blog\/2021\/06\/08\/programme-de-formation-au-diagnostic-precoce-des-cancers-de-lenfant-guinee-conakry\/\" class=\"bdt-post-grid-link\" title=\"Lancement du programme de formation au Diagnostic Pr\u00e9coce des cancers de l\u2019enfant Guin\u00e9e Conakry,\">\n\t\t\t\t\tLancement du programme de formation au Diagnostic Pr\u00e9coce des cancers de l\u2019enfant Guin\u00e9e Conakry,\n\t\t\t\t<\/a>\n\t\t\t<\/h2>\n\t\t\t\t\t\t\t  \t\t<div class=\"bdt-transition-slide-bottom\">\n\t\t\t\t\t\t\t\t\t\t\t\t\t<div class=\"bdt-post-grid-excerpt\">\n\t\t\t<p>En Guin\u00e9e on estime qu\u2019environ 600 enfants sont atteints de cancer chaque ann\u00e9e. Seulement 15%<\/p>\n\t\t\t<\/div>\n\n\t\t\t\t\t\t\t\t\t\t\t<\/div>\n\t\t\t\t\t\t\t\t<\/div>\n\t\t\t\t\t\t\t<\/div>\n\n\t\t\t\t\t\t\t\n\t\t\t\t\t\t<\/div>\n\t\t            <\/div>\n\n\t\t\t\t\t\t\t\t\t\n\t\t            <div class=\"bdt-width-1-1 bdt-width-1-2@s bdt-width-1-3@m\">\n\t\t\t\t\t\t<div class=\"bdt-post-grid-item bdt-transition-toggle bdt-position-relative\">\n\t\t\t\t\t\t\t\t\n\t\t\t\t\t\t\t<div class=\"bdt-post-grid-img-wrap bdt-overflow-hidden\">\n\t\t\t\t<a href=\"https:\/\/www.gfaop.org\/institut\/blog\/2021\/05\/31\/poursuite-des-formations-au-diagnostic-precoce-des-cancers-de-enfant-en-cote-divoire\/\" class=\"bdt-transition-scale-up bdt-background-cover bdt-transition-opaque bdt-flex\" title=\"Poursuite des formations au diagnostic pr\u00e9coce des cancers de l&#8217;enfant en C\u00f4te d&#8217;ivoire\" style=\"background-image: url(https:\/\/www.gfaop.org\/institut\/wp-content\/uploads\/sites\/3\/2021\/05\/WhatsApp-Image-2021-05-30-at-13.46.26.jpeg)\">\n  \t\t\t\t<\/a>\n\t\t\t<\/div>\n\t\t\t\t\t\t\t<div class=\"bdt-custom-overlay bdt-position-cover\"><\/div>\n\t\t\t\t\t  \t\t\n\t\t\t\t\t  \t\t<div class=\"bdt-post-grid-desc bdt-position-bottom-left\">\n\t\t\t\t\t\t  \t\t<div class=\"bdt-position-medium \">\n\t\t\t\t\t            \t\n\t\t\t\t\t\t\t\t\t<h2 class=\"bdt-post-grid-title bdt-post-grid-title bdt-post-grid-title\" >\n\t\t\t\t<a href=\"https:\/\/www.gfaop.org\/institut\/blog\/2021\/05\/31\/poursuite-des-formations-au-diagnostic-precoce-des-cancers-de-enfant-en-cote-divoire\/\" class=\"bdt-post-grid-link\" title=\"Poursuite des formations au diagnostic pr\u00e9coce des cancers de l&#8217;enfant en C\u00f4te d&#8217;ivoire\">\n\t\t\t\t\tPoursuite des formations au diagnostic pr\u00e9coce des cancers de l&#8217;enfant en C\u00f4te d&#8217;ivoire\n\t\t\t\t<\/a>\n\t\t\t<\/h2>\n\t\t\t\t\t\t\t  \t\t<div class=\"bdt-transition-slide-bottom\">\n\t\t\t\t\t\t\t\t\t\t\t\t\t<div class=\"bdt-post-grid-excerpt\">\n\t\t\t<p>Les sessions de formation au Diagnostic pr\u00e9coce\u00a0 des cancers p\u00e9diatriques se poursuivent dans les diff\u00e9rents<\/p>\n\t\t\t<\/div>\n\n\t\t\t\t\t\t\t\t\t\t\t<\/div>\n\t\t\t\t\t\t\t\t<\/div>\n\t\t\t\t\t\t\t<\/div>\n\n\t\t\t\t\t\t\t\n\t\t\t\t\t\t<\/div>\n\t\t            <\/div>\n\n\t\t\t\t\t\t\t\t\t\n\t\t            <div class=\"bdt-width-1-1 bdt-width-1-2@s bdt-width-1-3@m\">\n\t\t\t\t\t\t<div class=\"bdt-post-grid-item bdt-transition-toggle bdt-position-relative\">\n\t\t\t\t\t\t\t\t\n\t\t\t\t\t\t\t<div class=\"bdt-post-grid-img-wrap bdt-overflow-hidden\">\n\t\t\t\t<a href=\"https:\/\/www.gfaop.org\/institut\/blog\/2021\/04\/19\/digitalisation-de-la-formation-pour-les-infirmiers\/\" class=\"bdt-transition-scale-up bdt-background-cover bdt-transition-opaque bdt-flex\" title=\"Digitalisation de la formation pour les infirmiers\" style=\"background-image: url(https:\/\/www.gfaop.org\/institut\/wp-content\/uploads\/sites\/3\/2021\/04\/Capture-de\u0301cran-2021-03-16-a\u0300-17.07.21.png)\">\n  \t\t\t\t<\/a>\n\t\t\t<\/div>\n\t\t\t\t\t\t\t<div class=\"bdt-custom-overlay bdt-position-cover\"><\/div>\n\t\t\t\t\t  \t\t\n\t\t\t\t\t  \t\t<div class=\"bdt-post-grid-desc bdt-position-bottom-left\">\n\t\t\t\t\t\t  \t\t<div class=\"bdt-position-medium \">\n\t\t\t\t\t            \t\n\t\t\t\t\t\t\t\t\t<h2 class=\"bdt-post-grid-title bdt-post-grid-title bdt-post-grid-title bdt-post-grid-title\" >\n\t\t\t\t<a href=\"https:\/\/www.gfaop.org\/institut\/blog\/2021\/04\/19\/digitalisation-de-la-formation-pour-les-infirmiers\/\" class=\"bdt-post-grid-link\" title=\"Digitalisation de la formation pour les infirmiers\">\n\t\t\t\t\tDigitalisation de la formation pour les infirmiers\n\t\t\t\t<\/a>\n\t\t\t<\/h2>\n\t\t\t\t\t\t\t  \t\t<div class=\"bdt-transition-slide-bottom\">\n\t\t\t\t\t\t\t\t\t\t\t\t\t<div class=\"bdt-post-grid-excerpt\">\n\t\t\t<p>Les formations infirmiers en pr\u00e9sentiel ayant d\u00fb \u00eatre annul\u00e9es pour cause de pand\u00e9mie, en quelques<\/p>\n\t\t\t<\/div>\n\n\t\t\t\t\t\t\t\t\t\t\t<\/div>\n\t\t\t\t\t\t\t\t<\/div>\n\t\t\t\t\t\t\t<\/div>\n\n\t\t\t\t\t\t\t\n\t\t\t\t\t\t<\/div>\n\t\t            <\/div>\n\n\t\t\t\t\t\t\t\t\t\n\t\t            <div class=\"bdt-width-1-1 bdt-width-1-2@s bdt-width-1-3@m\">\n\t\t\t\t\t\t<div class=\"bdt-post-grid-item bdt-transition-toggle bdt-position-relative\">\n\t\t\t\t\t\t\t\t\n\t\t\t\t\t\t\t<div class=\"bdt-post-grid-img-wrap bdt-overflow-hidden\">\n\t\t\t\t<a href=\"https:\/\/www.gfaop.org\/institut\/blog\/2021\/03\/25\/cote-divoire-formations-diagnostic-precoce-institut-jean-lemerle-gfaop\/\" class=\"bdt-transition-scale-up bdt-background-cover bdt-transition-opaque bdt-flex\" title=\"Abidjan, mars 2021, suite des formations au Diagnostic pr\u00e9coce\" style=\"background-image: url(https:\/\/www.gfaop.org\/institut\/wp-content\/uploads\/sites\/3\/2021\/03\/DSC_0289-1-scaled.jpg)\">\n  \t\t\t\t<\/a>\n\t\t\t<\/div>\n\t\t\t\t\t\t\t<div class=\"bdt-custom-overlay bdt-position-cover\"><\/div>\n\t\t\t\t\t  \t\t\n\t\t\t\t\t  \t\t<div class=\"bdt-post-grid-desc bdt-position-bottom-left\">\n\t\t\t\t\t\t  \t\t<div class=\"bdt-position-medium \">\n\t\t\t\t\t            \t\n\t\t\t\t\t\t\t\t\t<h2 class=\"bdt-post-grid-title bdt-post-grid-title bdt-post-grid-title bdt-post-grid-title bdt-post-grid-title\" >\n\t\t\t\t<a href=\"https:\/\/www.gfaop.org\/institut\/blog\/2021\/03\/25\/cote-divoire-formations-diagnostic-precoce-institut-jean-lemerle-gfaop\/\" class=\"bdt-post-grid-link\" title=\"Abidjan, mars 2021, suite des formations au Diagnostic pr\u00e9coce\">\n\t\t\t\t\tAbidjan, mars 2021, suite des formations au Diagnostic pr\u00e9coce\n\t\t\t\t<\/a>\n\t\t\t<\/h2>\n\t\t\t\t\t\t\t  \t\t<div class=\"bdt-transition-slide-bottom\">\n\t\t\t\t\t\t\t\t\t\t\t\t\t<div class=\"bdt-post-grid-excerpt\">\n\t\t\t<p>\u00a0La formation au Diagnostic pr\u00e9coce des cancers des enfants\u00a0 se poursuit en C\u00f4te d'Ivoire dans<\/p>\n\t\t\t<\/div>\n\n\t\t\t\t\t\t\t\t\t\t\t<\/div>\n\t\t\t\t\t\t\t\t<\/div>\n\t\t\t\t\t\t\t<\/div>\n\n\t\t\t\t\t\t\t\n\t\t\t\t\t\t<\/div>\n\t\t            <\/div>\n\n\t\t\t\t\t\t\t\t\t\n\t\t            <div class=\"bdt-width-1-1 bdt-width-1-2@s bdt-width-1-3@m\">\n\t\t\t\t\t\t<div class=\"bdt-post-grid-item bdt-transition-toggle bdt-position-relative\">\n\t\t\t\t\t\t\t\t\n\t\t\t\t\t\t\t<div class=\"bdt-post-grid-img-wrap bdt-overflow-hidden\">\n\t\t\t\t<a href=\"https:\/\/www.gfaop.org\/institut\/blog\/2021\/02\/19\/likasi-formations-des-formateurs-au-programme-diagnostic-precoce-gfaop-institut-jean-lemerle\/\" class=\"bdt-transition-scale-up bdt-background-cover bdt-transition-opaque bdt-flex\" title=\"Likasi  (RDC), f\u00e9vrier 2021, formations des formateurs au programme Diagnostic pr\u00e9coce\" style=\"background-image: url(https:\/\/www.gfaop.org\/institut\/wp-content\/uploads\/sites\/3\/2021\/02\/PHOTO-2021-02-05-14-00-57.jpg)\">\n  \t\t\t\t<\/a>\n\t\t\t<\/div>\n\t\t\t\t\t\t\t<div class=\"bdt-custom-overlay bdt-position-cover\"><\/div>\n\t\t\t\t\t  \t\t\n\t\t\t\t\t  \t\t<div class=\"bdt-post-grid-desc bdt-position-bottom-left\">\n\t\t\t\t\t\t  \t\t<div class=\"bdt-position-medium \">\n\t\t\t\t\t            \t\n\t\t\t\t\t\t\t\t\t<h2 class=\"bdt-post-grid-title bdt-post-grid-title bdt-post-grid-title bdt-post-grid-title bdt-post-grid-title bdt-post-grid-title\" >\n\t\t\t\t<a href=\"https:\/\/www.gfaop.org\/institut\/blog\/2021\/02\/19\/likasi-formations-des-formateurs-au-programme-diagnostic-precoce-gfaop-institut-jean-lemerle\/\" class=\"bdt-post-grid-link\" title=\"Likasi  (RDC), f\u00e9vrier 2021, formations des formateurs au programme Diagnostic pr\u00e9coce\">\n\t\t\t\t\tLikasi  (RDC), f\u00e9vrier 2021, formations des formateurs au programme Diagnostic pr\u00e9coce\n\t\t\t\t<\/a>\n\t\t\t<\/h2>\n\t\t\t\t\t\t\t  \t\t<div class=\"bdt-transition-slide-bottom\">\n\t\t\t\t\t\t\t\t\t\t\t\t\t<div class=\"bdt-post-grid-excerpt\">\n\t\t\t<p>L'objectif de cette formation est de contribuer a\u0300 la re\u0301duction de la mortalite\u0301 infantile lie\u0301e<\/p>\n\t\t\t<\/div>\n\n\t\t\t\t\t\t\t\t\t\t\t<\/div>\n\t\t\t\t\t\t\t\t<\/div>\n\t\t\t\t\t\t\t<\/div>\n\n\t\t\t\t\t\t\t\n\t\t\t\t\t\t<\/div>\n\t\t            <\/div>\n\n\t\t\t\t\t\t\t<\/div>\n\t\t<\/div>\n\t\n \t\t\t\t<\/div>\n\t\t\t\t<\/div>\n\t\t\t\t\t<\/div>\n\t\t<\/div>\n\t\t\t\t\t\t\t<\/div>\n\t\t<\/section>\n\t\t\t\t<section class=\"elementor-section elementor-inner-section elementor-element elementor-element-1c9b6350 elementor-section-boxed elementor-section-height-default elementor-section-height-default\" data-id=\"1c9b6350\" data-element_type=\"section\">\n\t\t\t\t\t\t<div class=\"elementor-container elementor-column-gap-default\">\n\t\t\t\t\t<div class=\"elementor-column elementor-col-33 elementor-inner-column elementor-element elementor-element-18fcba34\" data-id=\"18fcba34\" data-element_type=\"column\">\n\t\t\t<div class=\"elementor-widget-wrap\">\n\t\t\t\t\t\t\t\t\t<\/div>\n\t\t<\/div>\n\t\t\t\t<div class=\"elementor-column elementor-col-33 elementor-inner-column elementor-element elementor-element-42b1cce5\" data-id=\"42b1cce5\" data-element_type=\"column\">\n\t\t\t<div class=\"elementor-widget-wrap elementor-element-populated\">\n\t\t\t\t\t\t\t\t<div class=\"elementor-element elementor-element-5748f3f elementor-align-left elementor-widget__width-auto elementor-widget elementor-widget-button\" data-id=\"5748f3f\" data-element_type=\"widget\" data-widget_type=\"button.default\">\n\t\t\t\t<div class=\"elementor-widget-container\">\n\t\t\t\t\t<div class=\"elementor-button-wrapper\">\n\t\t\t<a class=\"elementor-button elementor-button-link elementor-size-md elementor-animation-float\" href=\"https:\/\/www.gfaop.org\/institut\/blog\/category\/news\/\">\n\t\t\t\t\t\t<span class=\"elementor-button-content-wrapper\">\n\t\t\t\t\t\t<span class=\"elementor-button-text\">Toutes les actualit\u00e9s<\/span>\n\t\t<\/span>\n\t\t\t\t\t<\/a>\n\t\t<\/div>\n\t\t\t\t<\/div>\n\t\t\t\t<\/div>\n\t\t\t\t\t<\/div>\n\t\t<\/div>\n\t\t\t\t<div class=\"elementor-column elementor-col-33 elementor-inner-column elementor-element elementor-element-7e992a44\" data-id=\"7e992a44\" data-element_type=\"column\">\n\t\t\t<div class=\"elementor-widget-wrap\">\n\t\t\t\t\t\t\t\t\t<\/div>\n\t\t<\/div>\n\t\t\t\t\t\t\t<\/div>\n\t\t<\/section>\n\t\t\t\t\t<\/div>\n\t\t<\/div>\n\t\t\t\t\t\t\t<\/div>\n\t\t<\/section>\n\t\t\t\t<section class=\"elementor-section elementor-top-section elementor-element elementor-element-00ee7a1 elementor-section-full_width elementor-hidden-desktop elementor-hidden-tablet elementor-hidden-mobile elementor-section-height-default elementor-section-height-default\" data-id=\"00ee7a1\" data-element_type=\"section\">\n\t\t\t\t\t\t<div class=\"elementor-container elementor-column-gap-default\">\n\t\t\t\t\t<div class=\"elementor-column elementor-col-100 elementor-top-column elementor-element elementor-element-53e8f8f\" data-id=\"53e8f8f\" data-element_type=\"column\">\n\t\t\t<div class=\"elementor-widget-wrap elementor-element-populated\">\n\t\t\t\t\t\t\t\t<div class=\"elementor-element elementor-element-7543e7c elementor-widget elementor-widget-shortcode\" data-id=\"7543e7c\" data-element_type=\"widget\" data-widget_type=\"shortcode.default\">\n\t\t\t\t<div class=\"elementor-widget-container\">\n\t\t\t\t\t<div class=\"elementor-shortcode\"><\/div>\n\t\t\t\t<\/div>\n\t\t\t\t<\/div>\n\t\t\t\t\t<\/div>\n\t\t<\/div>\n\t\t\t\t\t\t\t<\/div>\n\t\t<\/section>\n\t\t\t\t<section class=\"elementor-section elementor-top-section elementor-element elementor-element-122d93c elementor-section-boxed elementor-section-height-default elementor-section-height-default\" data-id=\"122d93c\" data-element_type=\"section\" data-settings=\"{&quot;background_background&quot;:&quot;classic&quot;}\">\n\t\t\t\t\t\t<div class=\"elementor-container elementor-column-gap-default\">\n\t\t\t\t\t<div class=\"elementor-column elementor-col-100 elementor-top-column elementor-element elementor-element-7082a6f\" data-id=\"7082a6f\" data-element_type=\"column\">\n\t\t\t<div class=\"elementor-widget-wrap elementor-element-populated\">\n\t\t\t\t\t\t\t\t<div class=\"elementor-element elementor-element-590ff07 elementor-widget elementor-widget-heading\" data-id=\"590ff07\" data-element_type=\"widget\" data-widget_type=\"heading.default\">\n\t\t\t\t<div class=\"elementor-widget-container\">\n\t\t\t<p class=\"elementor-heading-title elementor-size-default\">Actualit\u00e9s\n<\/p>\t\t<\/div>\n\t\t\t\t<\/div>\n\t\t\t\t<div class=\"elementor-element elementor-element-765306b elementor-grid-4 elementor-grid-tablet-2 elementor-grid-mobile-1 elementor-posts--thumbnail-top elementor-widget elementor-widget-posts\" data-id=\"765306b\" data-element_type=\"widget\" data-settings=\"{&quot;classic_columns&quot;:&quot;4&quot;,&quot;classic_columns_tablet&quot;:&quot;2&quot;,&quot;classic_columns_mobile&quot;:&quot;1&quot;,&quot;classic_row_gap&quot;:{&quot;unit&quot;:&quot;px&quot;,&quot;size&quot;:35,&quot;sizes&quot;:[]},&quot;classic_row_gap_tablet&quot;:{&quot;unit&quot;:&quot;px&quot;,&quot;size&quot;:&quot;&quot;,&quot;sizes&quot;:[]},&quot;classic_row_gap_mobile&quot;:{&quot;unit&quot;:&quot;px&quot;,&quot;size&quot;:&quot;&quot;,&quot;sizes&quot;:[]}}\" data-widget_type=\"posts.classic\">\n\t\t\t\t<div class=\"elementor-widget-container\">\n\t\t\t\t\t<div class=\"elementor-posts-container elementor-posts elementor-posts--skin-classic elementor-grid\">\n\t\t\t\t<article class=\"elementor-post elementor-grid-item post-1712 post type-post status-publish format-standard has-post-thumbnail hentry category-uncategorized\">\n\t\t\t\t<a class=\"elementor-post__thumbnail__link\" href=\"https:\/\/www.gfaop.org\/institut\/blog\/2021\/07\/31\/burkina-faso-deploiement-du-programme-de-formation-au-diagnostic-precoce-des-cancers-des-enfants\/\" >\n\t\t\t<div class=\"elementor-post__thumbnail\"><img decoding=\"async\" loading=\"lazy\" width=\"300\" height=\"225\" src=\"https:\/\/www.gfaop.org\/institut\/wp-content\/uploads\/sites\/3\/2021\/07\/PHOTO-2021-07-23-18-20-57-300x225.jpg\" class=\"attachment-medium size-medium wp-image-1713\" alt=\"\" srcset=\"https:\/\/www.gfaop.org\/institut\/wp-content\/uploads\/sites\/3\/2021\/07\/PHOTO-2021-07-23-18-20-57-300x225.jpg 300w, https:\/\/www.gfaop.org\/institut\/wp-content\/uploads\/sites\/3\/2021\/07\/PHOTO-2021-07-23-18-20-57-1024x767.jpg 1024w, https:\/\/www.gfaop.org\/institut\/wp-content\/uploads\/sites\/3\/2021\/07\/PHOTO-2021-07-23-18-20-57-768x575.jpg 768w, https:\/\/www.gfaop.org\/institut\/wp-content\/uploads\/sites\/3\/2021\/07\/PHOTO-2021-07-23-18-20-57.jpg 1080w\" sizes=\"(max-width: 300px) 100vw, 300px\" \/><\/div>\n\t\t<\/a>\n\t\t\t\t<div class=\"elementor-post__text\">\n\t\t\t\t<h3 class=\"elementor-post__title\">\n\t\t\t<a href=\"https:\/\/www.gfaop.org\/institut\/blog\/2021\/07\/31\/burkina-faso-deploiement-du-programme-de-formation-au-diagnostic-precoce-des-cancers-des-enfants\/\" >\n\t\t\t\tBurkina Faso, D\u00e9ploiement du programme de formation au Diagnostic pr\u00e9coce des cancers des enfants\t\t\t<\/a>\n\t\t<\/h3>\n\t\t\t\t<div class=\"elementor-post__meta-data\">\n\t\t\t\t\t<span class=\"elementor-post-date\">\n\t\t\t31 juillet 2021\t\t<\/span>\n\t\t\t\t<\/div>\n\t\t\n\t\t<a class=\"elementor-post__read-more\" href=\"https:\/\/www.gfaop.org\/institut\/blog\/2021\/07\/31\/burkina-faso-deploiement-du-programme-de-formation-au-diagnostic-precoce-des-cancers-des-enfants\/\" >\n\t\t\tLire la suite \u00bb\t\t<\/a>\n\n\t\t\t\t<\/div>\n\t\t\t\t<\/article>\n\t\t\t\t<article class=\"elementor-post elementor-grid-item post-1685 post type-post status-publish format-standard has-post-thumbnail hentry category-uncategorized\">\n\t\t\t\t<a class=\"elementor-post__thumbnail__link\" href=\"https:\/\/www.gfaop.org\/institut\/blog\/2021\/06\/08\/programme-de-formation-au-diagnostic-precoce-des-cancers-de-lenfant-guinee-conakry\/\" >\n\t\t\t<div class=\"elementor-post__thumbnail\"><img decoding=\"async\" loading=\"lazy\" width=\"300\" height=\"225\" src=\"https:\/\/www.gfaop.org\/institut\/wp-content\/uploads\/sites\/3\/2021\/06\/PHOTO-2021-05-25-13-25-31-300x225.jpg\" class=\"attachment-medium size-medium wp-image-1687\" alt=\"\" srcset=\"https:\/\/www.gfaop.org\/institut\/wp-content\/uploads\/sites\/3\/2021\/06\/PHOTO-2021-05-25-13-25-31-300x225.jpg 300w, https:\/\/www.gfaop.org\/institut\/wp-content\/uploads\/sites\/3\/2021\/06\/PHOTO-2021-05-25-13-25-31-1024x768.jpg 1024w, https:\/\/www.gfaop.org\/institut\/wp-content\/uploads\/sites\/3\/2021\/06\/PHOTO-2021-05-25-13-25-31-768x576.jpg 768w, https:\/\/www.gfaop.org\/institut\/wp-content\/uploads\/sites\/3\/2021\/06\/PHOTO-2021-05-25-13-25-31.jpg 1080w\" sizes=\"(max-width: 300px) 100vw, 300px\" \/><\/div>\n\t\t<\/a>\n\t\t\t\t<div class=\"elementor-post__text\">\n\t\t\t\t<h3 class=\"elementor-post__title\">\n\t\t\t<a href=\"https:\/\/www.gfaop.org\/institut\/blog\/2021\/06\/08\/programme-de-formation-au-diagnostic-precoce-des-cancers-de-lenfant-guinee-conakry\/\" >\n\t\t\t\tLancement du programme de formation au Diagnostic Pr\u00e9coce des cancers de l\u2019enfant Guin\u00e9e Conakry,\t\t\t<\/a>\n\t\t<\/h3>\n\t\t\t\t<div class=\"elementor-post__meta-data\">\n\t\t\t\t\t<span class=\"elementor-post-date\">\n\t\t\t8 juin 2021\t\t<\/span>\n\t\t\t\t<\/div>\n\t\t\n\t\t<a class=\"elementor-post__read-more\" href=\"https:\/\/www.gfaop.org\/institut\/blog\/2021\/06\/08\/programme-de-formation-au-diagnostic-precoce-des-cancers-de-lenfant-guinee-conakry\/\" >\n\t\t\tLire la suite \u00bb\t\t<\/a>\n\n\t\t\t\t<\/div>\n\t\t\t\t<\/article>\n\t\t\t\t<article class=\"elementor-post elementor-grid-item post-1680 post type-post status-publish format-standard has-post-thumbnail hentry category-uncategorized\">\n\t\t\t\t<a class=\"elementor-post__thumbnail__link\" href=\"https:\/\/www.gfaop.org\/institut\/blog\/2021\/05\/31\/poursuite-des-formations-au-diagnostic-precoce-des-cancers-de-enfant-en-cote-divoire\/\" >\n\t\t\t<div class=\"elementor-post__thumbnail\"><img decoding=\"async\" loading=\"lazy\" width=\"300\" height=\"200\" src=\"https:\/\/www.gfaop.org\/institut\/wp-content\/uploads\/sites\/3\/2021\/05\/WhatsApp-Image-2021-05-30-at-13.46.26-300x200.jpeg\" class=\"attachment-medium size-medium wp-image-1682\" alt=\"\" srcset=\"https:\/\/www.gfaop.org\/institut\/wp-content\/uploads\/sites\/3\/2021\/05\/WhatsApp-Image-2021-05-30-at-13.46.26-300x200.jpeg 300w, https:\/\/www.gfaop.org\/institut\/wp-content\/uploads\/sites\/3\/2021\/05\/WhatsApp-Image-2021-05-30-at-13.46.26.jpeg 640w\" sizes=\"(max-width: 300px) 100vw, 300px\" \/><\/div>\n\t\t<\/a>\n\t\t\t\t<div class=\"elementor-post__text\">\n\t\t\t\t<h3 class=\"elementor-post__title\">\n\t\t\t<a href=\"https:\/\/www.gfaop.org\/institut\/blog\/2021\/05\/31\/poursuite-des-formations-au-diagnostic-precoce-des-cancers-de-enfant-en-cote-divoire\/\" >\n\t\t\t\tPoursuite des formations au diagnostic pr\u00e9coce des cancers de l&#8217;enfant en C\u00f4te d&#8217;ivoire\t\t\t<\/a>\n\t\t<\/h3>\n\t\t\t\t<div class=\"elementor-post__meta-data\">\n\t\t\t\t\t<span class=\"elementor-post-date\">\n\t\t\t31 mai 2021\t\t<\/span>\n\t\t\t\t<\/div>\n\t\t\n\t\t<a class=\"elementor-post__read-more\" href=\"https:\/\/www.gfaop.org\/institut\/blog\/2021\/05\/31\/poursuite-des-formations-au-diagnostic-precoce-des-cancers-de-enfant-en-cote-divoire\/\" >\n\t\t\tLire la suite \u00bb\t\t<\/a>\n\n\t\t\t\t<\/div>\n\t\t\t\t<\/article>\n\t\t\t\t<article class=\"elementor-post elementor-grid-item post-1651 post type-post status-publish format-standard has-post-thumbnail hentry category-uncategorized\">\n\t\t\t\t<a class=\"elementor-post__thumbnail__link\" href=\"https:\/\/www.gfaop.org\/institut\/blog\/2021\/04\/19\/digitalisation-de-la-formation-pour-les-infirmiers\/\" >\n\t\t\t<div class=\"elementor-post__thumbnail\"><img decoding=\"async\" loading=\"lazy\" width=\"300\" height=\"188\" src=\"https:\/\/www.gfaop.org\/institut\/wp-content\/uploads\/sites\/3\/2021\/04\/Capture-de\u0301cran-2021-03-16-a\u0300-17.07.21-300x188.png\" class=\"attachment-medium size-medium wp-image-1652\" alt=\"\" srcset=\"https:\/\/www.gfaop.org\/institut\/wp-content\/uploads\/sites\/3\/2021\/04\/Capture-de\u0301cran-2021-03-16-a\u0300-17.07.21-300x188.png 300w, https:\/\/www.gfaop.org\/institut\/wp-content\/uploads\/sites\/3\/2021\/04\/Capture-de\u0301cran-2021-03-16-a\u0300-17.07.21-1024x641.png 1024w, https:\/\/www.gfaop.org\/institut\/wp-content\/uploads\/sites\/3\/2021\/04\/Capture-de\u0301cran-2021-03-16-a\u0300-17.07.21-768x481.png 768w, https:\/\/www.gfaop.org\/institut\/wp-content\/uploads\/sites\/3\/2021\/04\/Capture-de\u0301cran-2021-03-16-a\u0300-17.07.21-1536x961.png 1536w, https:\/\/www.gfaop.org\/institut\/wp-content\/uploads\/sites\/3\/2021\/04\/Capture-de\u0301cran-2021-03-16-a\u0300-17.07.21-2048x1281.png 2048w\" sizes=\"(max-width: 300px) 100vw, 300px\" \/><\/div>\n\t\t<\/a>\n\t\t\t\t<div class=\"elementor-post__text\">\n\t\t\t\t<h3 class=\"elementor-post__title\">\n\t\t\t<a href=\"https:\/\/www.gfaop.org\/institut\/blog\/2021\/04\/19\/digitalisation-de-la-formation-pour-les-infirmiers\/\" >\n\t\t\t\tDigitalisation de la formation pour les infirmiers\t\t\t<\/a>\n\t\t<\/h3>\n\t\t\t\t<div class=\"elementor-post__meta-data\">\n\t\t\t\t\t<span class=\"elementor-post-date\">\n\t\t\t19 avril 2021\t\t<\/span>\n\t\t\t\t<\/div>\n\t\t\n\t\t<a class=\"elementor-post__read-more\" href=\"https:\/\/www.gfaop.org\/institut\/blog\/2021\/04\/19\/digitalisation-de-la-formation-pour-les-infirmiers\/\" >\n\t\t\tLire la suite \u00bb\t\t<\/a>\n\n\t\t\t\t<\/div>\n\t\t\t\t<\/article>\n\t\t\t\t<\/div>\n\n\n\t\t\n\t\t\t\t<\/div>\n\t\t\t\t<\/div>\n\t\t\t\t<div class=\"elementor-element elementor-element-ec4baf8 elementor-tablet-align-center elementor-mobile-align-center elementor-align-center elementor-widget elementor-widget-bdt-advanced-button\" data-id=\"ec4baf8\" data-element_type=\"widget\" data-widget_type=\"bdt-advanced-button.default\">\n\t\t\t\t<div class=\"elementor-widget-container\">\n\t\t\t\t\t<div class=\"bdt-ep-button-wrapper\">\n\t\t\t<a href=\"https:\/\/www.gfaop.org\/institut\/blog\/category\/news\/\" class=\"bdt-ep-button bdt-ep-button-effect-c bdt-ep-button-size-sm\">\n\t\t\t\t\t\t<div class=\"bdt-ep-button-content-wrapper bdt-flex bdt-flex-middle bdt-flex-center  \" data-text=\"Toutes les actualit\u00e9s\">\n\t\t\t\n\t\t\t<div class=\"bdt-ep-button-text\">\n\n                <span class=\"avdbtn-text\">Toutes les actualit\u00e9s<\/span>\n\n\t\t\t\t            <\/div>\n\n\t\t\t\n\t\t<\/div>\n\t\t\t\t\t<\/a>\n\t\t<\/div>\n\t\t\t\t<\/div>\n\t\t\t\t<\/div>\n\t\t\t\t\t<\/div>\n\t\t<\/div>\n\t\t\t\t\t\t\t<\/div>\n\t\t<\/section>\n\t\t\t\t\t\t\t<\/div>\n\t\t","protected":false},"excerpt":{"rendered":"<p>[rev_slider alias=&#8221;institut&#8221;] Les formations Diagnostic<\/p>\n","protected":false},"author":1,"featured_media":0,"parent":0,"menu_order":0,"comment_status":"closed","ping_status":"closed","template":"elementor_header_footer","meta":{"footnotes":"","_links_to":"","_links_to_target":""},"yoast_head":"<!-- This site is optimized with the Yoast SEO Premium plugin v20.4 (Yoast SEO v20.4) - https:\/\/yoast.com\/wordpress\/plugins\/seo\/ -->\n<title>L&#039;institut Jean Lemerle, formation en oncologie p\u00e9diatrique-gfaop<\/title>\n<meta name=\"description\" content=\"L&#039;institut Jean Lemerle, premier institut pan-africain de formation en oncologie p\u00e9diatrique pour m\u00e9decins et infirmiers \u00e0 Dakar, S\u00e9n\u00e9gal\" \/>\n<meta name=\"robots\" content=\"index, follow, max-snippet:-1, max-image-preview:large, max-video-preview:-1\" \/>\n<link rel=\"canonical\" href=\"https:\/\/www.gfaop.org\/institut\/linstitut\/\" \/>\n<meta property=\"og:locale\" content=\"fr_FR\" \/>\n<meta property=\"og:type\" content=\"article\" \/>\n<meta property=\"og:title\" content=\"L&#039;institut Jean Lemerle\" \/>\n<meta property=\"og:description\" content=\"L&#039;institut Jean Lemerle, premier institut pan-africain de formation en oncologie p\u00e9diatrique pour m\u00e9decins et infirmiers \u00e0 Dakar, S\u00e9n\u00e9gal\" \/>\n<meta property=\"og:url\" content=\"https:\/\/www.gfaop.org\/institut\/linstitut\/\" \/>\n<meta property=\"og:site_name\" content=\"Institut Jean Lemerle\" \/>\n<meta property=\"article:modified_time\" content=\"2021-11-01T23:18:35+00:00\" \/>\n<meta property=\"og:image\" content=\"https:\/\/www.gfaop.org\/institut\/wp-content\/uploads\/sites\/3\/2020\/05\/equipe-bureau-Photo-Mhamed-Harif.jpg\" \/>\n<meta name=\"twitter:card\" content=\"summary_large_image\" \/>\n<meta name=\"twitter:label1\" content=\"Dur\u00e9e de lecture estim\u00e9e\" \/>\n\t<meta name=\"twitter:data1\" content=\"7 minutes\" \/>\n<script type=\"application\/ld+json\" class=\"yoast-schema-graph\">{\"@context\":\"https:\/\/schema.org\",\"@graph\":[{\"@type\":\"WebPage\",\"@id\":\"https:\/\/www.gfaop.org\/institut\/linstitut\/\",\"url\":\"https:\/\/www.gfaop.org\/institut\/linstitut\/\",\"name\":\"L'institut Jean Lemerle, formation en oncologie p\u00e9diatrique-gfaop\",\"isPartOf\":{\"@id\":\"https:\/\/www.gfaop.org\/institut\/#website\"},\"datePublished\":\"2019-04-12T12:05:26+00:00\",\"dateModified\":\"2021-11-01T23:18:35+00:00\",\"description\":\"L'institut Jean Lemerle, premier institut pan-africain de formation en oncologie p\u00e9diatrique pour m\u00e9decins et infirmiers \u00e0 Dakar, S\u00e9n\u00e9gal\",\"breadcrumb\":{\"@id\":\"https:\/\/www.gfaop.org\/institut\/linstitut\/#breadcrumb\"},\"inLanguage\":\"fr-FR\",\"potentialAction\":[{\"@type\":\"ReadAction\",\"target\":[\"https:\/\/www.gfaop.org\/institut\/linstitut\/\"]}]},{\"@type\":\"BreadcrumbList\",\"@id\":\"https:\/\/www.gfaop.org\/institut\/linstitut\/#breadcrumb\",\"itemListElement\":[{\"@type\":\"ListItem\",\"position\":1,\"name\":\"Accueil\",\"item\":\"https:\/\/www.gfaop.org\/institut\/\"},{\"@type\":\"ListItem\",\"position\":2,\"name\":\"L&#8217;institut Jean Lemerle\"}]},{\"@type\":\"WebSite\",\"@id\":\"https:\/\/www.gfaop.org\/institut\/#website\",\"url\":\"https:\/\/www.gfaop.org\/institut\/\",\"name\":\"Institut Jean Lemerle\",\"description\":\"\",\"publisher\":{\"@id\":\"https:\/\/www.gfaop.org\/institut\/#organization\"},\"potentialAction\":[{\"@type\":\"SearchAction\",\"target\":{\"@type\":\"EntryPoint\",\"urlTemplate\":\"https:\/\/www.gfaop.org\/institut\/?s={search_term_string}\"},\"query-input\":\"required name=search_term_string\"}],\"inLanguage\":\"fr-FR\"},{\"@type\":\"Organization\",\"@id\":\"https:\/\/www.gfaop.org\/institut\/#organization\",\"name\":\"Institut Jean Lemerle\",\"url\":\"https:\/\/www.gfaop.org\/institut\/\",\"logo\":{\"@type\":\"ImageObject\",\"inLanguage\":\"fr-FR\",\"@id\":\"https:\/\/www.gfaop.org\/institut\/#\/schema\/logo\/image\/\",\"url\":\"https:\/\/www.gfaop.org\/institut\/wp-content\/uploads\/sites\/3\/2024\/03\/GFAOP_Logo_Horizontal_baseline_sans_fond.png\",\"contentUrl\":\"https:\/\/www.gfaop.org\/institut\/wp-content\/uploads\/sites\/3\/2024\/03\/GFAOP_Logo_Horizontal_baseline_sans_fond.png\",\"width\":6211,\"height\":1821,\"caption\":\"Institut Jean Lemerle\"},\"image\":{\"@id\":\"https:\/\/www.gfaop.org\/institut\/#\/schema\/logo\/image\/\"}}]}<\/script>\n<!-- \/ Yoast SEO Premium plugin. -->","yoast_head_json":{"title":"L'institut Jean Lemerle, formation en oncologie p\u00e9diatrique-gfaop","description":"L'institut Jean Lemerle, premier institut pan-africain de formation en oncologie p\u00e9diatrique pour m\u00e9decins et infirmiers \u00e0 Dakar, S\u00e9n\u00e9gal","robots":{"index":"index","follow":"follow","max-snippet":"max-snippet:-1","max-image-preview":"max-image-preview:large","max-video-preview":"max-video-preview:-1"},"canonical":"https:\/\/www.gfaop.org\/institut\/linstitut\/","og_locale":"fr_FR","og_type":"article","og_title":"L'institut Jean Lemerle","og_description":"L'institut Jean Lemerle, premier institut pan-africain de formation en oncologie p\u00e9diatrique pour m\u00e9decins et infirmiers \u00e0 Dakar, S\u00e9n\u00e9gal","og_url":"https:\/\/www.gfaop.org\/institut\/linstitut\/","og_site_name":"Institut Jean Lemerle","article_modified_time":"2021-11-01T23:18:35+00:00","og_image":[{"url":"https:\/\/www.gfaop.org\/institut\/wp-content\/uploads\/sites\/3\/2020\/05\/equipe-bureau-Photo-Mhamed-Harif.jpg"}],"twitter_card":"summary_large_image","twitter_misc":{"Dur\u00e9e de lecture estim\u00e9e":"7 minutes"},"schema":{"@context":"https:\/\/schema.org","@graph":[{"@type":"WebPage","@id":"https:\/\/www.gfaop.org\/institut\/linstitut\/","url":"https:\/\/www.gfaop.org\/institut\/linstitut\/","name":"L'institut Jean Lemerle, formation en oncologie p\u00e9diatrique-gfaop","isPartOf":{"@id":"https:\/\/www.gfaop.org\/institut\/#website"},"datePublished":"2019-04-12T12:05:26+00:00","dateModified":"2021-11-01T23:18:35+00:00","description":"L'institut Jean Lemerle, premier institut pan-africain de formation en oncologie p\u00e9diatrique pour m\u00e9decins et infirmiers \u00e0 Dakar, S\u00e9n\u00e9gal","breadcrumb":{"@id":"https:\/\/www.gfaop.org\/institut\/linstitut\/#breadcrumb"},"inLanguage":"fr-FR","potentialAction":[{"@type":"ReadAction","target":["https:\/\/www.gfaop.org\/institut\/linstitut\/"]}]},{"@type":"BreadcrumbList","@id":"https:\/\/www.gfaop.org\/institut\/linstitut\/#breadcrumb","itemListElement":[{"@type":"ListItem","position":1,"name":"Accueil","item":"https:\/\/www.gfaop.org\/institut\/"},{"@type":"ListItem","position":2,"name":"L&#8217;institut Jean Lemerle"}]},{"@type":"WebSite","@id":"https:\/\/www.gfaop.org\/institut\/#website","url":"https:\/\/www.gfaop.org\/institut\/","name":"Institut Jean Lemerle","description":"","publisher":{"@id":"https:\/\/www.gfaop.org\/institut\/#organization"},"potentialAction":[{"@type":"SearchAction","target":{"@type":"EntryPoint","urlTemplate":"https:\/\/www.gfaop.org\/institut\/?s={search_term_string}"},"query-input":"required name=search_term_string"}],"inLanguage":"fr-FR"},{"@type":"Organization","@id":"https:\/\/www.gfaop.org\/institut\/#organization","name":"Institut Jean Lemerle","url":"https:\/\/www.gfaop.org\/institut\/","logo":{"@type":"ImageObject","inLanguage":"fr-FR","@id":"https:\/\/www.gfaop.org\/institut\/#\/schema\/logo\/image\/","url":"https:\/\/www.gfaop.org\/institut\/wp-content\/uploads\/sites\/3\/2024\/03\/GFAOP_Logo_Horizontal_baseline_sans_fond.png","contentUrl":"https:\/\/www.gfaop.org\/institut\/wp-content\/uploads\/sites\/3\/2024\/03\/GFAOP_Logo_Horizontal_baseline_sans_fond.png","width":6211,"height":1821,"caption":"Institut Jean Lemerle"},"image":{"@id":"https:\/\/www.gfaop.org\/institut\/#\/schema\/logo\/image\/"}}]}},"_links":{"self":[{"href":"https:\/\/www.gfaop.org\/institut\/wp-json\/wp\/v2\/pages\/2"}],"collection":[{"href":"https:\/\/www.gfaop.org\/institut\/wp-json\/wp\/v2\/pages"}],"about":[{"href":"https:\/\/www.gfaop.org\/institut\/wp-json\/wp\/v2\/types\/page"}],"author":[{"embeddable":true,"href":"https:\/\/www.gfaop.org\/institut\/wp-json\/wp\/v2\/users\/1"}],"replies":[{"embeddable":true,"href":"https:\/\/www.gfaop.org\/institut\/wp-json\/wp\/v2\/comments?post=2"}],"version-history":[{"count":47,"href":"https:\/\/www.gfaop.org\/institut\/wp-json\/wp\/v2\/pages\/2\/revisions"}],"predecessor-version":[{"id":1743,"href":"https:\/\/www.gfaop.org\/institut\/wp-json\/wp\/v2\/pages\/2\/revisions\/1743"}],"wp:attachment":[{"href":"https:\/\/www.gfaop.org\/institut\/wp-json\/wp\/v2\/media?parent=2"}],"curies":[{"name":"wp","href":"https:\/\/api.w.org\/{rel}","templated":true}]}}