

{"id":37,"date":"2019-04-12T15:24:42","date_gmt":"2019-04-12T15:24:42","guid":{"rendered":"http:\/\/www.gfaop.org\/institut\/?page_id=37"},"modified":"2021-03-25T16:54:12","modified_gmt":"2021-03-25T15:54:12","slug":"diagnostic-precoce","status":"publish","type":"page","link":"https:\/\/www.gfaop.org\/institut\/diagnostic-precoce\/","title":{"rendered":"DIAGNOSTIC PRECOCE"},"content":{"rendered":"\t\t<div data-elementor-type=\"wp-post\" data-elementor-id=\"37\" class=\"elementor elementor-37\">\n\t\t\t\t\t\t\t\t\t<section class=\"elementor-section elementor-top-section elementor-element elementor-element-7f2295f elementor-section-boxed elementor-section-height-default elementor-section-height-default\" data-id=\"7f2295f\" data-element_type=\"section\">\n\t\t\t\t\t\t<div class=\"elementor-container elementor-column-gap-default\">\n\t\t\t\t\t<div class=\"elementor-column elementor-col-50 elementor-top-column elementor-element elementor-element-a2e5c03\" data-id=\"a2e5c03\" data-element_type=\"column\">\n\t\t\t<div class=\"elementor-widget-wrap elementor-element-populated\">\n\t\t\t\t\t\t\t\t<section class=\"elementor-section elementor-inner-section elementor-element elementor-element-1c59bc0 elementor-section-boxed elementor-section-height-default elementor-section-height-default\" data-id=\"1c59bc0\" data-element_type=\"section\">\n\t\t\t\t\t\t<div class=\"elementor-container elementor-column-gap-default\">\n\t\t\t\t\t<div class=\"elementor-column elementor-col-100 elementor-inner-column elementor-element elementor-element-7de1d9a\" data-id=\"7de1d9a\" data-element_type=\"column\">\n\t\t\t<div class=\"elementor-widget-wrap elementor-element-populated\">\n\t\t\t\t\t\t\t\t<div class=\"elementor-element elementor-element-ba4344f elementor-widget elementor-widget-heading\" data-id=\"ba4344f\" data-element_type=\"widget\" data-widget_type=\"heading.default\">\n\t\t\t\t<div class=\"elementor-widget-container\">\n\t\t\t<h1 class=\"elementor-heading-title elementor-size-default\">Les formations au Diagnostic pr\u00e9coce<\/h1>\t\t<\/div>\n\t\t\t\t<\/div>\n\t\t\t\t<div class=\"elementor-element elementor-element-7c36fb4 elementor-widget elementor-widget-text-editor\" data-id=\"7c36fb4\" data-element_type=\"widget\" data-widget_type=\"text-editor.default\">\n\t\t\t\t<div class=\"elementor-widget-container\">\n\t\t\t\t\t\t\t<p><span style=\"color: #808080;\"><strong>\u00a0Elles permettent aux soignants non sp\u00e9cialistes d&#8217;acqu\u00e9rir des connaissances sur les diff\u00e9rents cancers p\u00e9diatriques,\u00a0 d&#8217;en reconnaitre les premiers signes, et de savoir orienter le malade.<\/strong><\/span><\/p><div title=\"Page 1\"><div><div><p>Parce que chaque anne\u0301e ce sont environ 20 000 enfants qui sont touche\u0301s par le cancer en Afrique francophone sub-saharienne, ce programme de formation a vocation a\u0300 e\u0302tre de\u0301ploye\u0301 largement avec le soutien des autorite\u0301s sanitaires locales des pays concern\u00e9s.<\/p><p>Il a \u00e9t\u00e9 \u00e9labor\u00e9 par des experts de 12 pays, au sein de l\u2019Institut africain de formation en Oncologie p\u00e9diatrique de Dakar.<\/p><p><strong>Quel est l&#8217;objectif ?<\/strong><\/p><p>Ces formations ont pour objectif de former \u00e0 la d\u00e9tection des premiers sympt\u00f4mes et ainsi, de permettre aux enfants d\u2019\u00eatre adress\u00e9s dans les meilleurs d\u00e9lais \u00e0 une unit\u00e9 de soins en canc\u00e9rologie pour une confirmation de diagnostic et l\u2019instauration rapide d\u2019un traitement.<\/p><\/div><\/div><\/div><p>Les cancers survenant chez l\u2019enfant ont une progression rapide. Apprendre \u00e0\u00a0 les d\u00e9tecter t\u00f4t, gr\u00e2ce \u00e0 la reconnaissance de signes \u00e9vocateurs, les orienter rapidement vers une structure sp\u00e9cialis\u00e9e augmente consid\u00e9rablement les chances de gu\u00e9rison de ces enfants.<\/p><p>Ce programme de formation permettra de renforcer les connaissances des prestataires de sante\u0301 sur les 5 cancers pe\u0301diatriques les plus fre\u0301quents (lymphome de Burkitt, leuce\u0301mie aigu\u0308e lymphoblastique, ne\u0301phroblastome, re\u0301tinoblastome et lymphome de Hodgkin).\u00a0<\/p><p><strong style=\"font-size: 1rem;\">A qui s&#8217;adresse la formation?<\/strong><\/p><p>Les formations sont destin\u00e9es \u00e0 diff\u00e9rents acteurs de sant\u00e9 :\u00a0<span style=\"font-size: 1rem;\">P\u00e9diatres, m\u00e9decins g\u00e9n\u00e9ralistes, infirmiers , sages-femmes, agent de sant\u00e9 communautaires.<\/span><\/p><p><span style=\"font-size: 1rem;\">\u00a0Des outils sont \u00e9galement d\u00e9velopp\u00e9s \u00e0 destination des populations de mani\u00e8re \u00e0 les sensibiliser aux premiers signes et sympt\u00f4mes et \u00e0 favoriser l\u2019acc\u00e8s aux soins.<\/span><\/p>\t\t\t\t\t\t<\/div>\n\t\t\t\t<\/div>\n\t\t\t\t<div class=\"elementor-element elementor-element-e0090af elementor-widget elementor-widget-video\" data-id=\"e0090af\" data-element_type=\"widget\" data-settings=\"{&quot;youtube_url&quot;:&quot;https:\\\/\\\/youtu.be\\\/nquyujdG_DA&quot;,&quot;video_type&quot;:&quot;youtube&quot;,&quot;controls&quot;:&quot;yes&quot;}\" data-widget_type=\"video.default\">\n\t\t\t\t<div class=\"elementor-widget-container\">\n\t\t\t\t\t<div class=\"elementor-wrapper elementor-open-inline\">\n\t\t\t<div class=\"elementor-video\"><\/div>\t\t<\/div>\n\t\t\t\t<\/div>\n\t\t\t\t<\/div>\n\t\t\t\t<div class=\"elementor-element elementor-element-ec096f9 elementor-widget elementor-widget-bdt-advanced-image-gallery\" data-id=\"ec096f9\" data-element_type=\"widget\" data-widget_type=\"bdt-advanced-image-gallery.default\">\n\t\t\t\t<div class=\"elementor-widget-container\">\n\t\t\t\t\t<div id=\"bdt-avdg-ec096f9\" class=\"bdt-advanced-image-gallery bdt-skin-default bdt-grid bdt-grid-small bdt-child-width-1- bdt-child-width-1-@s bdt-child-width-1-2@m\" data-bdt-grid=\"\" data-bdt-lightbox=\"animation: slide;\" data-settings=\"{&quot;id&quot;:&quot;#bdt-avdg-ec096f9&quot;,&quot;tiltShow&quot;:false}\">\n\t\t\n\t\t\t<div class=\"bdt-gallery-item bdt-transition-toggle\">\n\t\t\t\t<div class=\"bdt-advanced-image-gallery-inner bdt-image-mask\">\n\t\t\t\t\t<div class=\"bdt-gallery-thumbnail bdt-transition-toggle\">\n\t\t\t<img decoding=\"async\"  src=\"https:\/\/www.gfaop.org\/institut\/wp-content\/uploads\/sites\/3\/2020\/04\/Capture-d\u2019e\u0301cran-2020-04-07-a\u0300-15.57.55.png\" alt=\"Capture d\u2019e\u0301cran 2020-04-07 a\u0300 15.57.55\" class=\"jgalleryImage\">\n\t\t<\/div>\t\t<div class=\"bdt-position-cover bdt-overlay bdt-overlay-default bdt-transition-fade\">\n\t\t\t<div class=\"bdt-advanced-image-gallery-content\">\n\t\t\t\t<div class=\"bdt-advanced-image-gallery-content-inner\">\n\t\t\t\t\n\t\t\t\t\t\t\t\t\t\t\t\t\t\t\t\t<div class=\"bdt-flex-inline bdt-gallery-item-link-wrapper\">\n\t\t\t\t\t\t\t<a class=\"bdt-gallery-item-link elementor-clickable icon-type-icon\" data-elementor-open-lightbox=\"no\" data-caption=\"\" href=\"https:\/\/www.gfaop.org\/institut\/wp-content\/uploads\/sites\/3\/2020\/04\/Capture-d\u2019e\u0301cran-2020-04-07-a\u0300-15.57.55.png\">\n\t\t\t\t\t\t\t\t\n\t\t\t\t\t\t\t\t\t\t\t\t\t\t\t\t\t\t\t<span>\n\t\t\t\t\t\t\t\t\t\t\t<i class=\"ep-plus-2\"><\/i>\n\t\t\t\t\t\t\t\t\t\t<\/span>\n\t\t\t\t\t\t\t\t\t\n\t\t\t\t\t\t\t\t\t\t\t\t\t\t\t<\/a>\n\t\t\t\t\t\t<\/div>\n\t\t\t\t\t\n\t\t\t\t\t\t\t\t\t<\/div>\n\t\t\t<\/div>\n\t\t<\/div>\n\t\t\t\t\t\t<\/div>\n\t\t\t\t\t\t\t<\/div>\n\n\t\t\n\t\t\t<div class=\"bdt-gallery-item bdt-transition-toggle\">\n\t\t\t\t<div class=\"bdt-advanced-image-gallery-inner bdt-image-mask\">\n\t\t\t\t\t<div class=\"bdt-gallery-thumbnail bdt-transition-toggle\">\n\t\t\t<img decoding=\"async\"  src=\"https:\/\/www.gfaop.org\/institut\/wp-content\/uploads\/sites\/3\/2020\/04\/Capture-d\u2019e\u0301cran-2020-04-07-a\u0300-15.58.22.png\" alt=\"Capture d\u2019e\u0301cran 2020-04-07 a\u0300 15.58.22\" class=\"jgalleryImage\">\n\t\t<\/div>\t\t<div class=\"bdt-position-cover bdt-overlay bdt-overlay-default bdt-transition-fade\">\n\t\t\t<div class=\"bdt-advanced-image-gallery-content\">\n\t\t\t\t<div class=\"bdt-advanced-image-gallery-content-inner\">\n\t\t\t\t\n\t\t\t\t\t\t\t\t\t\t\t\t\t\t\t\t<div class=\"bdt-flex-inline bdt-gallery-item-link-wrapper\">\n\t\t\t\t\t\t\t<a class=\"bdt-gallery-item-link elementor-clickable icon-type-icon\" data-elementor-open-lightbox=\"no\" data-caption=\"\" href=\"https:\/\/www.gfaop.org\/institut\/wp-content\/uploads\/sites\/3\/2020\/04\/Capture-d\u2019e\u0301cran-2020-04-07-a\u0300-15.58.22.png\">\n\t\t\t\t\t\t\t\t\n\t\t\t\t\t\t\t\t\t\t\t\t\t\t\t\t\t\t\t<span>\n\t\t\t\t\t\t\t\t\t\t\t<i class=\"ep-plus-2\"><\/i>\n\t\t\t\t\t\t\t\t\t\t<\/span>\n\t\t\t\t\t\t\t\t\t\n\t\t\t\t\t\t\t\t\t\t\t\t\t\t\t<\/a>\n\t\t\t\t\t\t<\/div>\n\t\t\t\t\t\n\t\t\t\t\t\t\t\t\t<\/div>\n\t\t\t<\/div>\n\t\t<\/div>\n\t\t\t\t\t\t<\/div>\n\t\t\t\t\t\t\t<\/div>\n\n\t\t\t\t<\/div>\n\t\t\t\t<\/div>\n\t\t\t\t<\/div>\n\t\t\t\t\t<\/div>\n\t\t<\/div>\n\t\t\t\t\t\t\t<\/div>\n\t\t<\/section>\n\t\t\t\t\t<\/div>\n\t\t<\/div>\n\t\t\t\t<div class=\"elementor-column elementor-col-50 elementor-top-column elementor-element elementor-element-605b466\" data-id=\"605b466\" data-element_type=\"column\">\n\t\t\t<div class=\"elementor-widget-wrap elementor-element-populated\">\n\t\t\t\t\t\t\t\t<section class=\"elementor-section elementor-inner-section elementor-element elementor-element-9bb9f47 elementor-section-boxed elementor-section-height-default elementor-section-height-default\" data-id=\"9bb9f47\" data-element_type=\"section\">\n\t\t\t\t\t\t<div class=\"elementor-container elementor-column-gap-default\">\n\t\t\t\t\t<div class=\"elementor-column elementor-col-100 elementor-inner-column elementor-element elementor-element-431f71d\" data-id=\"431f71d\" data-element_type=\"column\" data-settings=\"{&quot;background_background&quot;:&quot;classic&quot;}\">\n\t\t\t<div class=\"elementor-widget-wrap elementor-element-populated\">\n\t\t\t\t\t<div class=\"elementor-background-overlay\"><\/div>\n\t\t\t\t\t\t\t\t<div class=\"elementor-element elementor-element-e646a70 elementor-view-default elementor-position-top elementor-mobile-position-top elementor-widget elementor-widget-icon-box\" data-id=\"e646a70\" data-element_type=\"widget\" data-widget_type=\"icon-box.default\">\n\t\t\t\t<div class=\"elementor-widget-container\">\n\t\t\t\t\t<div class=\"elementor-icon-box-wrapper\">\n\t\t\t\t\t\t<div class=\"elementor-icon-box-icon\">\n\t\t\t\t<span  class=\"elementor-icon elementor-animation-\">\n\t\t\t\t<i aria-hidden=\"true\" class=\"faseci font2114646940-search\"><\/i>\t\t\t\t<\/span>\n\t\t\t<\/div>\n\t\t\t\t\t\t<div class=\"elementor-icon-box-content\">\n\t\t\t\t<h3 class=\"elementor-icon-box-title\">\n\t\t\t\t\t<span  >\n\t\t\t\t\t\tDiagnostic pr\u00e9coce \t\t\t\t\t<\/span>\n\t\t\t\t<\/h3>\n\t\t\t\t\t\t\t<\/div>\n\t\t<\/div>\n\t\t\t\t<\/div>\n\t\t\t\t<\/div>\n\t\t\t\t<div class=\"elementor-element elementor-element-2d03b11 elementor-widget-divider--view-line elementor-widget elementor-widget-divider\" data-id=\"2d03b11\" data-element_type=\"widget\" data-widget_type=\"divider.default\">\n\t\t\t\t<div class=\"elementor-widget-container\">\n\t\t\t\t\t<div class=\"elementor-divider\">\n\t\t\t<span class=\"elementor-divider-separator\">\n\t\t\t\t\t\t<\/span>\n\t\t<\/div>\n\t\t\t\t<\/div>\n\t\t\t\t<\/div>\n\t\t\t\t<div class=\"elementor-element elementor-element-1bc24fa elementor-align-center elementor-icon-list--layout-traditional elementor-list-item-link-full_width elementor-widget elementor-widget-icon-list\" data-id=\"1bc24fa\" data-element_type=\"widget\" data-widget_type=\"icon-list.default\">\n\t\t\t\t<div class=\"elementor-widget-container\">\n\t\t\t\t\t<ul class=\"elementor-icon-list-items\">\n\t\t\t\t\t\t\t<li class=\"elementor-icon-list-item\">\n\t\t\t\t\t\t\t\t\t\t\t<a href=\"https:\/\/www.gfaop.org\/institut\/diagnostic-precoce\/\">\n\n\t\t\t\t\t\t\t\t\t\t\t<span class=\"elementor-icon-list-text\">Pr\u00e9sentation<\/span>\n\t\t\t\t\t\t\t\t\t\t\t<\/a>\n\t\t\t\t\t\t\t\t\t<\/li>\n\t\t\t\t\t\t\t\t<li class=\"elementor-icon-list-item\">\n\t\t\t\t\t\t\t\t\t\t\t<a href=\"https:\/\/www.gfaop.org\/institut\/les-prochaines-formations-au-diagnostic-precoce\/\">\n\n\t\t\t\t\t\t\t\t\t\t\t<span class=\"elementor-icon-list-text\">Prochaines formations<\/span>\n\t\t\t\t\t\t\t\t\t\t\t<\/a>\n\t\t\t\t\t\t\t\t\t<\/li>\n\t\t\t\t\t\t\t\t<li class=\"elementor-icon-list-item\">\n\t\t\t\t\t\t\t\t\t\t<span class=\"elementor-icon-list-text\">Espace membre<\/span>\n\t\t\t\t\t\t\t\t\t<\/li>\n\t\t\t\t\t\t<\/ul>\n\t\t\t\t<\/div>\n\t\t\t\t<\/div>\n\t\t\t\t\t<\/div>\n\t\t<\/div>\n\t\t\t\t\t\t\t<\/div>\n\t\t<\/section>\n\t\t\t\t\t<\/div>\n\t\t<\/div>\n\t\t\t\t\t\t\t<\/div>\n\t\t<\/section>\n\t\t\t\t<section class=\"elementor-section elementor-top-section elementor-element elementor-element-bfc639b elementor-section-boxed elementor-section-height-default elementor-section-height-default\" data-id=\"bfc639b\" data-element_type=\"section\">\n\t\t\t\t\t\t<div class=\"elementor-container elementor-column-gap-default\">\n\t\t\t\t\t<div class=\"elementor-column elementor-col-100 elementor-top-column elementor-element elementor-element-fab602d\" data-id=\"fab602d\" data-element_type=\"column\">\n\t\t\t<div class=\"elementor-widget-wrap elementor-element-populated\">\n\t\t\t\t\t\t\t\t<div class=\"elementor-element elementor-element-b7919e9 bdt-navigation-type-arrows elementor-widget elementor-widget-bdt-advanced-image-gallery\" data-id=\"b7919e9\" data-element_type=\"widget\" data-widget_type=\"bdt-advanced-image-gallery.bdt-carousel\">\n\t\t\t\t<div class=\"elementor-widget-container\">\n\t\t\t\t\t<div class=\" bdt-arrows-align-center \" data-bdt-slider=\"{&quot;autoplay&quot;:true,&quot;autoplay-interval&quot;:7000,&quot;finite&quot;:false,&quot;pause-on-hover&quot;:true,&quot;center&quot;:false,&quot;sets&quot;:false}\">\r\n\t\t\t<div id=\"bdt-avdg-b7919e9\" class=\"bdt-advanced-image-gallery bdt-skin-carousel bdt-grid bdt-grid-small bdt-slider-items bdt-child-width-1- bdt-child-width-1-@s bdt-child-width-1-4@m\" data-bdt-grid=\"\" data-bdt-lightbox=\"animation: slide\" data-settings=\"{&quot;id&quot;:&quot;#bdt-avdg-b7919e9&quot;,&quot;tiltShow&quot;:false}\">\r\n\t\t\t\t\t\t\r\n\t\t\t<div class=\"bdt-gallery-item bdt-transition-toggle\">\r\n\t\t\t\t<div class=\"bdt-advanced-image-gallery-inner bdt-image-mask\">\r\n\t\t\t\t\t<div class=\"bdt-gallery-thumbnail bdt-transition-toggle\">\n\t\t\t<img decoding=\"async\"  src=\"https:\/\/www.gfaop.org\/institut\/wp-content\/uploads\/sites\/3\/2021\/03\/DSC_0289-1-1536x1024.jpg\" alt=\"Mars 2021, formation au Diagnostic pr\u00e9coce dans le district sanitaire d&#039;Adjam\u00e9-Att\u00e9coub\u00e9-Plateau. ( Abidjan - C\u00f4te d&#039;Ivoire)\" class=\"jgalleryImage\">\n\t\t<\/div>\t\t<div class=\"bdt-position-cover bdt-overlay bdt-overlay-default bdt-transition-fade\">\n\t\t\t<div class=\"bdt-advanced-image-gallery-content\">\n\t\t\t\t<div class=\"bdt-advanced-image-gallery-content-inner\">\n\t\t\t\t\n\t\t\t\t\t\t\t\t\t\t\t\t\t\t\t\t<div class=\"bdt-flex-inline bdt-gallery-item-link-wrapper\">\n\t\t\t\t\t\t\t<a class=\"bdt-gallery-item-link elementor-clickable icon-type-text\" data-elementor-open-lightbox=\"no\" data-caption=\" Mars 2021, formation au Diagnostic pr\u00e9coce dans le district sanitaire d&#039;Adjam\u00e9-Att\u00e9coub\u00e9-Plateau. ( Abidjan - C\u00f4te d&#039;Ivoire)\" href=\"https:\/\/www.gfaop.org\/institut\/wp-content\/uploads\/sites\/3\/2021\/03\/DSC_0289-1-scaled.jpg\">\n\t\t\t\t\t\t\t\t\t\t\t\t\t\t\t\t\t<span class=\"bdt-text\">ZOOM<\/span>\n\t\t\t\t\t\t\t\t\t\t\t\t\t\t\t<\/a>\n\t\t\t\t\t\t<\/div>\n\t\t\t\t\t\n\t\t\t\t\t\t\t\t\t\t\t\t\t\t\t\t<div><div class=\"bdt-gallery-item-caption bdt-display-inline-block\">\n\t\t\t\t Mars 2021, formation au Diagnostic pr\u00e9coce dans le district sanitaire d'Adjam\u00e9-Att\u00e9coub\u00e9-Plateau. ( Abidjan - C\u00f4te d'Ivoire)\t\t\t<\/div><\/div>\n\t\t\t\t\t\t\t\t\t\t\t<\/div>\n\t\t\t<\/div>\n\t\t<\/div>\n\t\t\t\t\t\t<\/div>\r\n\r\n\t\t\t\t\t\t\t<\/div>\r\n\r\n\t\t\t\t\t\t\r\n\t\t\t<div class=\"bdt-gallery-item bdt-transition-toggle\">\r\n\t\t\t\t<div class=\"bdt-advanced-image-gallery-inner bdt-image-mask\">\r\n\t\t\t\t\t<div class=\"bdt-gallery-thumbnail bdt-transition-toggle\">\n\t\t\t<img decoding=\"async\"  src=\"https:\/\/www.gfaop.org\/institut\/wp-content\/uploads\/sites\/3\/2020\/03\/IMG-20200213-WA0002-1.jpg\" alt=\"S\u00e9n\u00e9gal, Formation Diagnostic pr\u00e9coce \u00e0 Dakar\" class=\"jgalleryImage\">\n\t\t<\/div>\t\t<div class=\"bdt-position-cover bdt-overlay bdt-overlay-default bdt-transition-fade\">\n\t\t\t<div class=\"bdt-advanced-image-gallery-content\">\n\t\t\t\t<div class=\"bdt-advanced-image-gallery-content-inner\">\n\t\t\t\t\n\t\t\t\t\t\t\t\t\t\t\t\t\t\t\t\t<div class=\"bdt-flex-inline bdt-gallery-item-link-wrapper\">\n\t\t\t\t\t\t\t<a class=\"bdt-gallery-item-link elementor-clickable icon-type-text\" data-elementor-open-lightbox=\"no\" data-caption=\"S\u00e9n\u00e9gal, Formation Diagnostic pr\u00e9coce \u00e0 Dakar\" href=\"https:\/\/www.gfaop.org\/institut\/wp-content\/uploads\/sites\/3\/2020\/03\/IMG-20200213-WA0002-1.jpg\">\n\t\t\t\t\t\t\t\t\t\t\t\t\t\t\t\t\t<span class=\"bdt-text\">ZOOM<\/span>\n\t\t\t\t\t\t\t\t\t\t\t\t\t\t\t<\/a>\n\t\t\t\t\t\t<\/div>\n\t\t\t\t\t\n\t\t\t\t\t\t\t\t\t\t\t\t\t\t\t\t<div><div class=\"bdt-gallery-item-caption bdt-display-inline-block\">\n\t\t\t\tS\u00e9n\u00e9gal, Formation Diagnostic pr\u00e9coce \u00e0 Dakar\t\t\t<\/div><\/div>\n\t\t\t\t\t\t\t\t\t\t\t<\/div>\n\t\t\t<\/div>\n\t\t<\/div>\n\t\t\t\t\t\t<\/div>\r\n\r\n\t\t\t\t\t\t\t<\/div>\r\n\r\n\t\t\t\t\t\t\r\n\t\t\t<div class=\"bdt-gallery-item bdt-transition-toggle\">\r\n\t\t\t\t<div class=\"bdt-advanced-image-gallery-inner bdt-image-mask\">\r\n\t\t\t\t\t<div class=\"bdt-gallery-thumbnail bdt-transition-toggle\">\n\t\t\t<img decoding=\"async\"  src=\"https:\/\/www.gfaop.org\/institut\/wp-content\/uploads\/sites\/3\/2020\/03\/IMG-20200213-WA0007-1-1.jpg\" alt=\"S\u00e9n\u00e9gal, Le Dr Babacar Gueye, chef de la division des maladies non transmissibles au Minist\u00e8re de la  sant\u00e9 et de l&#039;action sociale, annonce la mise en place du programme Diagnostic pr\u00e9coce au S\u00e9n\u00e9gal \u00e0 l&#039;occasion de l&#039;atelier de formation des infirmiers\nA ses c\u00f4t\u00e9s le Dr Jacques Diam\u00e9 Ndour, m\u00e9decin chef du district sud  de Dakar et le Dr  Fatou Lama Dieye, chef de projet op\u00e9rationnel de l&#039;Institut Jean Lemerle\" class=\"jgalleryImage\">\n\t\t<\/div>\t\t<div class=\"bdt-position-cover bdt-overlay bdt-overlay-default bdt-transition-fade\">\n\t\t\t<div class=\"bdt-advanced-image-gallery-content\">\n\t\t\t\t<div class=\"bdt-advanced-image-gallery-content-inner\">\n\t\t\t\t\n\t\t\t\t\t\t\t\t\t\t\t\t\t\t\t\t<div class=\"bdt-flex-inline bdt-gallery-item-link-wrapper\">\n\t\t\t\t\t\t\t<a class=\"bdt-gallery-item-link elementor-clickable icon-type-text\" data-elementor-open-lightbox=\"no\" data-caption=\"S\u00e9n\u00e9gal, Le Dr Babacar Gueye, chef de la division des maladies non transmissibles au Minist\u00e8re de la  sant\u00e9 et de l&#039;action sociale, annonce la mise en place du programme Diagnostic pr\u00e9coce au S\u00e9n\u00e9gal \u00e0 l&#039;occasion de l&#039;atelier de formation des infirmiers\nA ses c\u00f4t\u00e9s le Dr Jacques Diam\u00e9 Ndour, m\u00e9decin chef du district sud  de Dakar et le Dr  Fatou Lama Dieye, chef de projet op\u00e9rationnel de l&#039;Institut Jean Lemerle\" href=\"https:\/\/www.gfaop.org\/institut\/wp-content\/uploads\/sites\/3\/2020\/03\/IMG-20200213-WA0007-1-1.jpg\">\n\t\t\t\t\t\t\t\t\t\t\t\t\t\t\t\t\t<span class=\"bdt-text\">ZOOM<\/span>\n\t\t\t\t\t\t\t\t\t\t\t\t\t\t\t<\/a>\n\t\t\t\t\t\t<\/div>\n\t\t\t\t\t\n\t\t\t\t\t\t\t\t\t\t\t\t\t\t\t\t<div><div class=\"bdt-gallery-item-caption bdt-display-inline-block\">\n\t\t\t\tS\u00e9n\u00e9gal, Le Dr Babacar Gueye, chef de la division des maladies non transmissibles au Minist\u00e8re de la  sant\u00e9 et de l'action sociale, annonce la mise en place du programme Diagnostic pr\u00e9coce au S\u00e9n\u00e9gal \u00e0 l'occasion de l'atelier de formation des infirmiers\nA ses c\u00f4t\u00e9s le Dr Jacques Diam\u00e9 Ndour, m\u00e9decin chef du district sud  de Dakar et le Dr  Fatou Lama Dieye, chef de projet op\u00e9rationnel de l'Institut Jean Lemerle\t\t\t<\/div><\/div>\n\t\t\t\t\t\t\t\t\t\t\t<\/div>\n\t\t\t<\/div>\n\t\t<\/div>\n\t\t\t\t\t\t<\/div>\r\n\r\n\t\t\t\t\t\t\t<\/div>\r\n\r\n\t\t\t\t\t\t\r\n\t\t\t<div class=\"bdt-gallery-item bdt-transition-toggle\">\r\n\t\t\t\t<div class=\"bdt-advanced-image-gallery-inner bdt-image-mask\">\r\n\t\t\t\t\t<div class=\"bdt-gallery-thumbnail bdt-transition-toggle\">\n\t\t\t<img decoding=\"async\"  src=\"https:\/\/www.gfaop.org\/institut\/wp-content\/uploads\/sites\/3\/2020\/04\/Capture-d\u2019e\u0301cran-2020-04-06-a\u0300-12.07.19.png\" alt=\"S\u00e9n\u00e9gal, Le Dr Ndella Diouf, oncop\u00e9diatre dans le service du CHU Aristide le Dantec assure une partie de la formation au Diagnostic pr\u00e9coce\" class=\"jgalleryImage\">\n\t\t<\/div>\t\t<div class=\"bdt-position-cover bdt-overlay bdt-overlay-default bdt-transition-fade\">\n\t\t\t<div class=\"bdt-advanced-image-gallery-content\">\n\t\t\t\t<div class=\"bdt-advanced-image-gallery-content-inner\">\n\t\t\t\t\n\t\t\t\t\t\t\t\t\t\t\t\t\t\t\t\t<div class=\"bdt-flex-inline bdt-gallery-item-link-wrapper\">\n\t\t\t\t\t\t\t<a class=\"bdt-gallery-item-link elementor-clickable icon-type-text\" data-elementor-open-lightbox=\"no\" data-caption=\"S\u00e9n\u00e9gal, Le Dr Ndella Diouf, oncop\u00e9diatre dans le service du CHU Aristide le Dantec assure une partie de la formation au Diagnostic pr\u00e9coce\" href=\"https:\/\/www.gfaop.org\/institut\/wp-content\/uploads\/sites\/3\/2020\/04\/Capture-d\u2019e\u0301cran-2020-04-06-a\u0300-12.07.19.png\">\n\t\t\t\t\t\t\t\t\t\t\t\t\t\t\t\t\t<span class=\"bdt-text\">ZOOM<\/span>\n\t\t\t\t\t\t\t\t\t\t\t\t\t\t\t<\/a>\n\t\t\t\t\t\t<\/div>\n\t\t\t\t\t\n\t\t\t\t\t\t\t\t\t\t\t\t\t\t\t\t<div><div class=\"bdt-gallery-item-caption bdt-display-inline-block\">\n\t\t\t\tS\u00e9n\u00e9gal, Le Dr Ndella Diouf, oncop\u00e9diatre dans le service du CHU Aristide le Dantec assure une partie de la formation au Diagnostic pr\u00e9coce\t\t\t<\/div><\/div>\n\t\t\t\t\t\t\t\t\t\t\t<\/div>\n\t\t\t<\/div>\n\t\t<\/div>\n\t\t\t\t\t\t<\/div>\r\n\r\n\t\t\t\t\t\t\t<\/div>\r\n\r\n\t\t\t\t\t\t\r\n\t\t\t<div class=\"bdt-gallery-item bdt-transition-toggle\">\r\n\t\t\t\t<div class=\"bdt-advanced-image-gallery-inner bdt-image-mask\">\r\n\t\t\t\t\t<div class=\"bdt-gallery-thumbnail bdt-transition-toggle\">\n\t\t\t<img decoding=\"async\"  src=\"https:\/\/www.gfaop.org\/institut\/wp-content\/uploads\/sites\/3\/2020\/03\/PHOTO-2020-02-27-14-09-30-2.jpg\" alt=\"S\u00e9n\u00e9gal, Formation Diagnostic pr\u00e9coce  \u00e0 Keur Massar\" class=\"jgalleryImage\">\n\t\t<\/div>\t\t<div class=\"bdt-position-cover bdt-overlay bdt-overlay-default bdt-transition-fade\">\n\t\t\t<div class=\"bdt-advanced-image-gallery-content\">\n\t\t\t\t<div class=\"bdt-advanced-image-gallery-content-inner\">\n\t\t\t\t\n\t\t\t\t\t\t\t\t\t\t\t\t\t\t\t\t<div class=\"bdt-flex-inline bdt-gallery-item-link-wrapper\">\n\t\t\t\t\t\t\t<a class=\"bdt-gallery-item-link elementor-clickable icon-type-text\" data-elementor-open-lightbox=\"no\" data-caption=\"S\u00e9n\u00e9gal, Formation Diagnostic pr\u00e9coce  \u00e0 Keur Massar\" href=\"https:\/\/www.gfaop.org\/institut\/wp-content\/uploads\/sites\/3\/2020\/03\/PHOTO-2020-02-27-14-09-30-2.jpg\">\n\t\t\t\t\t\t\t\t\t\t\t\t\t\t\t\t\t<span class=\"bdt-text\">ZOOM<\/span>\n\t\t\t\t\t\t\t\t\t\t\t\t\t\t\t<\/a>\n\t\t\t\t\t\t<\/div>\n\t\t\t\t\t\n\t\t\t\t\t\t\t\t\t\t\t\t\t\t\t\t<div><div class=\"bdt-gallery-item-caption bdt-display-inline-block\">\n\t\t\t\tS\u00e9n\u00e9gal, Formation Diagnostic pr\u00e9coce  \u00e0 Keur Massar\t\t\t<\/div><\/div>\n\t\t\t\t\t\t\t\t\t\t\t<\/div>\n\t\t\t<\/div>\n\t\t<\/div>\n\t\t\t\t\t\t<\/div>\r\n\r\n\t\t\t\t\t\t\t<\/div>\r\n\r\n\t\t\t\t\t\t\r\n\t\t\t<div class=\"bdt-gallery-item bdt-transition-toggle\">\r\n\t\t\t\t<div class=\"bdt-advanced-image-gallery-inner bdt-image-mask\">\r\n\t\t\t\t\t<div class=\"bdt-gallery-thumbnail bdt-transition-toggle\">\n\t\t\t<img decoding=\"async\"  src=\"https:\/\/www.gfaop.org\/institut\/wp-content\/uploads\/sites\/3\/2020\/04\/Capture-d\u2019e\u0301cran-2020-04-06-a\u0300-14.08.39-1536x1103.png\" alt=\"R\u00e9publique D\u00e9mocratique du Congo, Haut Katanga, le Ministre provincial de la sant\u00e9 du Haut Katanga, le Dr Joseph Nsambi Bulanda,  a officiellement ouvert la formation au Diagnostic pr\u00e9coce dans la r\u00e9gion de Lubumbashi avec le Dr Robert Lukamba\" class=\"jgalleryImage\">\n\t\t<\/div>\t\t<div class=\"bdt-position-cover bdt-overlay bdt-overlay-default bdt-transition-fade\">\n\t\t\t<div class=\"bdt-advanced-image-gallery-content\">\n\t\t\t\t<div class=\"bdt-advanced-image-gallery-content-inner\">\n\t\t\t\t\n\t\t\t\t\t\t\t\t\t\t\t\t\t\t\t\t<div class=\"bdt-flex-inline bdt-gallery-item-link-wrapper\">\n\t\t\t\t\t\t\t<a class=\"bdt-gallery-item-link elementor-clickable icon-type-text\" data-elementor-open-lightbox=\"no\" data-caption=\"R\u00e9publique D\u00e9mocratique du Congo, Haut Katanga, le Ministre provincial de la sant\u00e9 du Haut Katanga, le Dr Joseph Nsambi Bulanda,  a officiellement ouvert la formation au Diagnostic pr\u00e9coce dans la r\u00e9gion de Lubumbashi avec le Dr Robert Lukamba \" href=\"https:\/\/www.gfaop.org\/institut\/wp-content\/uploads\/sites\/3\/2020\/04\/Capture-d\u2019e\u0301cran-2020-04-06-a\u0300-14.08.39.png\">\n\t\t\t\t\t\t\t\t\t\t\t\t\t\t\t\t\t<span class=\"bdt-text\">ZOOM<\/span>\n\t\t\t\t\t\t\t\t\t\t\t\t\t\t\t<\/a>\n\t\t\t\t\t\t<\/div>\n\t\t\t\t\t\n\t\t\t\t\t\t\t\t\t\t\t\t\t\t\t\t<div><div class=\"bdt-gallery-item-caption bdt-display-inline-block\">\n\t\t\t\tR\u00e9publique D\u00e9mocratique du Congo, Haut Katanga, le Ministre provincial de la sant\u00e9 du Haut Katanga, le Dr Joseph Nsambi Bulanda,  a officiellement ouvert la formation au Diagnostic pr\u00e9coce dans la r\u00e9gion de Lubumbashi avec le Dr Robert Lukamba \t\t\t<\/div><\/div>\n\t\t\t\t\t\t\t\t\t\t\t<\/div>\n\t\t\t<\/div>\n\t\t<\/div>\n\t\t\t\t\t\t<\/div>\r\n\r\n\t\t\t\t\t\t\t<\/div>\r\n\r\n\t\t\t\t\t\t\r\n\t\t\t<div class=\"bdt-gallery-item bdt-transition-toggle\">\r\n\t\t\t\t<div class=\"bdt-advanced-image-gallery-inner bdt-image-mask\">\r\n\t\t\t\t\t<div class=\"bdt-gallery-thumbnail bdt-transition-toggle\">\n\t\t\t<img decoding=\"async\"  src=\"https:\/\/www.gfaop.org\/institut\/wp-content\/uploads\/sites\/3\/2020\/04\/PHOTO-2020-02-27-14-12-11-2.jpg\" alt=\"PHOTO-2020-02-27-14-12-11 2\" class=\"jgalleryImage\">\n\t\t<\/div>\t\t<div class=\"bdt-position-cover bdt-overlay bdt-overlay-default bdt-transition-fade\">\n\t\t\t<div class=\"bdt-advanced-image-gallery-content\">\n\t\t\t\t<div class=\"bdt-advanced-image-gallery-content-inner\">\n\t\t\t\t\n\t\t\t\t\t\t\t\t\t\t\t\t\t\t\t\t<div class=\"bdt-flex-inline bdt-gallery-item-link-wrapper\">\n\t\t\t\t\t\t\t<a class=\"bdt-gallery-item-link elementor-clickable icon-type-text\" data-elementor-open-lightbox=\"no\" data-caption=\"\" href=\"https:\/\/www.gfaop.org\/institut\/wp-content\/uploads\/sites\/3\/2020\/04\/PHOTO-2020-02-27-14-12-11-2.jpg\">\n\t\t\t\t\t\t\t\t\t\t\t\t\t\t\t\t\t<span class=\"bdt-text\">ZOOM<\/span>\n\t\t\t\t\t\t\t\t\t\t\t\t\t\t\t<\/a>\n\t\t\t\t\t\t<\/div>\n\t\t\t\t\t\n\t\t\t\t\t\t\t\t\t\t\t\t\t\t\t\t\t\t\t\t\t\t<\/div>\n\t\t\t<\/div>\n\t\t<\/div>\n\t\t\t\t\t\t<\/div>\r\n\r\n\t\t\t\t\t\t\t<\/div>\r\n\r\n\t\t\t\t\t\t\r\n\t\t\t<div class=\"bdt-gallery-item bdt-transition-toggle\">\r\n\t\t\t\t<div class=\"bdt-advanced-image-gallery-inner bdt-image-mask\">\r\n\t\t\t\t\t<div class=\"bdt-gallery-thumbnail bdt-transition-toggle\">\n\t\t\t<img decoding=\"async\"  src=\"https:\/\/www.gfaop.org\/institut\/wp-content\/uploads\/sites\/3\/2020\/04\/PHOTO-2020-02-27-14-09-41.jpg\" alt=\"Formation au Diagnostic pr\u00e9coce des cancers p\u00e9diatrique. Atelier de jeux de r\u00f4les.\" class=\"jgalleryImage\">\n\t\t<\/div>\t\t<div class=\"bdt-position-cover bdt-overlay bdt-overlay-default bdt-transition-fade\">\n\t\t\t<div class=\"bdt-advanced-image-gallery-content\">\n\t\t\t\t<div class=\"bdt-advanced-image-gallery-content-inner\">\n\t\t\t\t\n\t\t\t\t\t\t\t\t\t\t\t\t\t\t\t\t<div class=\"bdt-flex-inline bdt-gallery-item-link-wrapper\">\n\t\t\t\t\t\t\t<a class=\"bdt-gallery-item-link elementor-clickable icon-type-text\" data-elementor-open-lightbox=\"no\" data-caption=\"Formation au Diagnostic pr\u00e9coce des cancers p\u00e9diatrique. Atelier de jeux de r\u00f4les.\" href=\"https:\/\/www.gfaop.org\/institut\/wp-content\/uploads\/sites\/3\/2020\/04\/PHOTO-2020-02-27-14-09-41.jpg\">\n\t\t\t\t\t\t\t\t\t\t\t\t\t\t\t\t\t<span class=\"bdt-text\">ZOOM<\/span>\n\t\t\t\t\t\t\t\t\t\t\t\t\t\t\t<\/a>\n\t\t\t\t\t\t<\/div>\n\t\t\t\t\t\n\t\t\t\t\t\t\t\t\t\t\t\t\t\t\t\t<div><div class=\"bdt-gallery-item-caption bdt-display-inline-block\">\n\t\t\t\tFormation au Diagnostic pr\u00e9coce des cancers p\u00e9diatrique. Atelier de jeux de r\u00f4les.\t\t\t<\/div><\/div>\n\t\t\t\t\t\t\t\t\t\t\t<\/div>\n\t\t\t<\/div>\n\t\t<\/div>\n\t\t\t\t\t\t<\/div>\r\n\r\n\t\t\t\t\t\t\t<\/div>\r\n\r\n\t\t\t\t\t\t\r\n\t\t\t<div class=\"bdt-gallery-item bdt-transition-toggle\">\r\n\t\t\t\t<div class=\"bdt-advanced-image-gallery-inner bdt-image-mask\">\r\n\t\t\t\t\t<div class=\"bdt-gallery-thumbnail bdt-transition-toggle\">\n\t\t\t<img decoding=\"async\"  src=\"https:\/\/www.gfaop.org\/institut\/wp-content\/uploads\/sites\/3\/2020\/04\/PHOTO-2020-03-31-17-03-41-2.jpg\" alt=\"PHOTO-2020-03-31-17-03-41 2\" class=\"jgalleryImage\">\n\t\t<\/div>\t\t<div class=\"bdt-position-cover bdt-overlay bdt-overlay-default bdt-transition-fade\">\n\t\t\t<div class=\"bdt-advanced-image-gallery-content\">\n\t\t\t\t<div class=\"bdt-advanced-image-gallery-content-inner\">\n\t\t\t\t\n\t\t\t\t\t\t\t\t\t\t\t\t\t\t\t\t<div class=\"bdt-flex-inline bdt-gallery-item-link-wrapper\">\n\t\t\t\t\t\t\t<a class=\"bdt-gallery-item-link elementor-clickable icon-type-text\" data-elementor-open-lightbox=\"no\" data-caption=\"\" href=\"https:\/\/www.gfaop.org\/institut\/wp-content\/uploads\/sites\/3\/2020\/04\/PHOTO-2020-03-31-17-03-41-2.jpg\">\n\t\t\t\t\t\t\t\t\t\t\t\t\t\t\t\t\t<span class=\"bdt-text\">ZOOM<\/span>\n\t\t\t\t\t\t\t\t\t\t\t\t\t\t\t<\/a>\n\t\t\t\t\t\t<\/div>\n\t\t\t\t\t\n\t\t\t\t\t\t\t\t\t\t\t\t\t\t\t\t\t\t\t\t\t\t<\/div>\n\t\t\t<\/div>\n\t\t<\/div>\n\t\t\t\t\t\t<\/div>\r\n\r\n\t\t\t\t\t\t\t<\/div>\r\n\r\n\t\t\t\t<\/div>\r\n\t\t\t\t\t\t\t<div class=\"bdt-position-z-index bdt-position-center bdt-visible@m\">\r\n\t\t\t<div class=\"bdt-arrows-container bdt-slidenav-container\">\r\n\t\t\t\t<a href=\"\" class=\"bdt-navigation-prev bdt-slidenav-previous bdt-slidenav\" data-bdt-slider-item=\"previous\">\r\n\t\t\t\t\t<i class=\"ep-arrow-left-5\" aria-hidden=\"true\"><\/i>\r\n\t\t\t\t<\/a>\r\n\t\t\t\t<a href=\"\" class=\"bdt-navigation-next bdt-slidenav-next bdt-slidenav\" data-bdt-slider-item=\"next\">\r\n\t\t\t\t\t<i class=\"ep-arrow-right-5\" aria-hidden=\"true\"><\/i>\r\n\t\t\t\t<\/a>\r\n\t\t\t<\/div>\r\n\t\t<\/div>\r\n\t\t\t\t\t<\/div>\r\n\t\t\t<\/div>\n\t\t\t\t<\/div>\n\t\t\t\t\t<\/div>\n\t\t<\/div>\n\t\t\t\t\t\t\t<\/div>\n\t\t<\/section>\n\t\t\t\t\t\t\t<\/div>\n\t\t","protected":false},"excerpt":{"rendered":"<p>Les formations au Diagnostic pr\u00e9coce \u00a0Elles permettent aux soignants non sp\u00e9cialistes d&#8217;acqu\u00e9rir des connaissances sur les diff\u00e9rents cancers p\u00e9diatriques,\u00a0 d&#8217;en reconnaitre les premiers signes, et de savoir orienter le malade. Parce que chaque anne\u0301e ce sont environ 20 000 enfants qui sont touche\u0301s par le cancer en Afrique francophone sub-saharienne, ce programme de formation a [&hellip;]<\/p>\n","protected":false},"author":1,"featured_media":0,"parent":0,"menu_order":0,"comment_status":"closed","ping_status":"closed","template":"elementor_header_footer","meta":{"footnotes":"","_links_to":"","_links_to_target":""},"yoast_head":"<!-- This site is optimized with the Yoast SEO Premium plugin v20.4 (Yoast SEO v20.4) - https:\/\/yoast.com\/wordpress\/plugins\/seo\/ -->\n<title>diagnostic pr\u00e9coce des cancers des enfants-gfaop-institut Jean Lemerle<\/title>\n<meta name=\"description\" content=\"Le diagnostic pr\u00e9coce des cancers de l&#039;enfant augmente les chances de gu\u00e9rison. En Afrique, la formation aux signes d&#039;alerte est n\u00e9cessaire\" \/>\n<meta name=\"robots\" content=\"index, follow, max-snippet:-1, max-image-preview:large, max-video-preview:-1\" \/>\n<link rel=\"canonical\" href=\"https:\/\/www.gfaop.org\/institut\/diagnostic-precoce\/\" \/>\n<meta property=\"og:locale\" content=\"fr_FR\" \/>\n<meta property=\"og:type\" content=\"article\" \/>\n<meta property=\"og:title\" content=\"DIAGNOSTIC PRECOCE\" \/>\n<meta property=\"og:description\" content=\"Le diagnostic pr\u00e9coce des cancers de l&#039;enfant augmente les chances de gu\u00e9rison. En Afrique, la formation aux signes d&#039;alerte est n\u00e9cessaire\" \/>\n<meta property=\"og:url\" content=\"https:\/\/www.gfaop.org\/institut\/diagnostic-precoce\/\" \/>\n<meta property=\"og:site_name\" content=\"Institut Jean Lemerle\" \/>\n<meta property=\"article:modified_time\" content=\"2021-03-25T15:54:12+00:00\" \/>\n<meta property=\"og:image\" content=\"https:\/\/www.gfaop.org\/institut\/wp-content\/uploads\/sites\/3\/2020\/04\/Capture-d\u2019e\u0301cran-2020-04-07-a\u0300-15.57.55.png\" \/>\n<meta name=\"twitter:card\" content=\"summary_large_image\" \/>\n<meta name=\"twitter:label1\" content=\"Dur\u00e9e de lecture estim\u00e9e\" \/>\n\t<meta name=\"twitter:data1\" content=\"5 minutes\" \/>\n<script type=\"application\/ld+json\" class=\"yoast-schema-graph\">{\"@context\":\"https:\/\/schema.org\",\"@graph\":[{\"@type\":\"WebPage\",\"@id\":\"https:\/\/www.gfaop.org\/institut\/diagnostic-precoce\/\",\"url\":\"https:\/\/www.gfaop.org\/institut\/diagnostic-precoce\/\",\"name\":\"diagnostic pr\u00e9coce des cancers des enfants-gfaop-institut Jean Lemerle\",\"isPartOf\":{\"@id\":\"https:\/\/www.gfaop.org\/institut\/#website\"},\"datePublished\":\"2019-04-12T15:24:42+00:00\",\"dateModified\":\"2021-03-25T15:54:12+00:00\",\"description\":\"Le diagnostic pr\u00e9coce des cancers de l'enfant augmente les chances de gu\u00e9rison. En Afrique, la formation aux signes d'alerte est n\u00e9cessaire\",\"breadcrumb\":{\"@id\":\"https:\/\/www.gfaop.org\/institut\/diagnostic-precoce\/#breadcrumb\"},\"inLanguage\":\"fr-FR\",\"potentialAction\":[{\"@type\":\"ReadAction\",\"target\":[\"https:\/\/www.gfaop.org\/institut\/diagnostic-precoce\/\"]}]},{\"@type\":\"BreadcrumbList\",\"@id\":\"https:\/\/www.gfaop.org\/institut\/diagnostic-precoce\/#breadcrumb\",\"itemListElement\":[{\"@type\":\"ListItem\",\"position\":1,\"name\":\"Accueil\",\"item\":\"https:\/\/www.gfaop.org\/institut\/\"},{\"@type\":\"ListItem\",\"position\":2,\"name\":\"DIAGNOSTIC PRECOCE\"}]},{\"@type\":\"WebSite\",\"@id\":\"https:\/\/www.gfaop.org\/institut\/#website\",\"url\":\"https:\/\/www.gfaop.org\/institut\/\",\"name\":\"Institut Jean Lemerle\",\"description\":\"\",\"publisher\":{\"@id\":\"https:\/\/www.gfaop.org\/institut\/#organization\"},\"potentialAction\":[{\"@type\":\"SearchAction\",\"target\":{\"@type\":\"EntryPoint\",\"urlTemplate\":\"https:\/\/www.gfaop.org\/institut\/?s={search_term_string}\"},\"query-input\":\"required name=search_term_string\"}],\"inLanguage\":\"fr-FR\"},{\"@type\":\"Organization\",\"@id\":\"https:\/\/www.gfaop.org\/institut\/#organization\",\"name\":\"Institut Jean Lemerle\",\"url\":\"https:\/\/www.gfaop.org\/institut\/\",\"logo\":{\"@type\":\"ImageObject\",\"inLanguage\":\"fr-FR\",\"@id\":\"https:\/\/www.gfaop.org\/institut\/#\/schema\/logo\/image\/\",\"url\":\"https:\/\/www.gfaop.org\/institut\/wp-content\/uploads\/sites\/3\/2024\/03\/GFAOP_Logo_Horizontal_baseline_sans_fond.png\",\"contentUrl\":\"https:\/\/www.gfaop.org\/institut\/wp-content\/uploads\/sites\/3\/2024\/03\/GFAOP_Logo_Horizontal_baseline_sans_fond.png\",\"width\":6211,\"height\":1821,\"caption\":\"Institut Jean Lemerle\"},\"image\":{\"@id\":\"https:\/\/www.gfaop.org\/institut\/#\/schema\/logo\/image\/\"}}]}<\/script>\n<!-- \/ Yoast SEO Premium plugin. -->","yoast_head_json":{"title":"diagnostic pr\u00e9coce des cancers des enfants-gfaop-institut Jean Lemerle","description":"Le diagnostic pr\u00e9coce des cancers de l'enfant augmente les chances de gu\u00e9rison. En Afrique, la formation aux signes d'alerte est n\u00e9cessaire","robots":{"index":"index","follow":"follow","max-snippet":"max-snippet:-1","max-image-preview":"max-image-preview:large","max-video-preview":"max-video-preview:-1"},"canonical":"https:\/\/www.gfaop.org\/institut\/diagnostic-precoce\/","og_locale":"fr_FR","og_type":"article","og_title":"DIAGNOSTIC PRECOCE","og_description":"Le diagnostic pr\u00e9coce des cancers de l'enfant augmente les chances de gu\u00e9rison. En Afrique, la formation aux signes d'alerte est n\u00e9cessaire","og_url":"https:\/\/www.gfaop.org\/institut\/diagnostic-precoce\/","og_site_name":"Institut Jean Lemerle","article_modified_time":"2021-03-25T15:54:12+00:00","og_image":[{"url":"https:\/\/www.gfaop.org\/institut\/wp-content\/uploads\/sites\/3\/2020\/04\/Capture-d\u2019e\u0301cran-2020-04-07-a\u0300-15.57.55.png"}],"twitter_card":"summary_large_image","twitter_misc":{"Dur\u00e9e de lecture estim\u00e9e":"5 minutes"},"schema":{"@context":"https:\/\/schema.org","@graph":[{"@type":"WebPage","@id":"https:\/\/www.gfaop.org\/institut\/diagnostic-precoce\/","url":"https:\/\/www.gfaop.org\/institut\/diagnostic-precoce\/","name":"diagnostic pr\u00e9coce des cancers des enfants-gfaop-institut Jean Lemerle","isPartOf":{"@id":"https:\/\/www.gfaop.org\/institut\/#website"},"datePublished":"2019-04-12T15:24:42+00:00","dateModified":"2021-03-25T15:54:12+00:00","description":"Le diagnostic pr\u00e9coce des cancers de l'enfant augmente les chances de gu\u00e9rison. En Afrique, la formation aux signes d'alerte est n\u00e9cessaire","breadcrumb":{"@id":"https:\/\/www.gfaop.org\/institut\/diagnostic-precoce\/#breadcrumb"},"inLanguage":"fr-FR","potentialAction":[{"@type":"ReadAction","target":["https:\/\/www.gfaop.org\/institut\/diagnostic-precoce\/"]}]},{"@type":"BreadcrumbList","@id":"https:\/\/www.gfaop.org\/institut\/diagnostic-precoce\/#breadcrumb","itemListElement":[{"@type":"ListItem","position":1,"name":"Accueil","item":"https:\/\/www.gfaop.org\/institut\/"},{"@type":"ListItem","position":2,"name":"DIAGNOSTIC PRECOCE"}]},{"@type":"WebSite","@id":"https:\/\/www.gfaop.org\/institut\/#website","url":"https:\/\/www.gfaop.org\/institut\/","name":"Institut Jean Lemerle","description":"","publisher":{"@id":"https:\/\/www.gfaop.org\/institut\/#organization"},"potentialAction":[{"@type":"SearchAction","target":{"@type":"EntryPoint","urlTemplate":"https:\/\/www.gfaop.org\/institut\/?s={search_term_string}"},"query-input":"required name=search_term_string"}],"inLanguage":"fr-FR"},{"@type":"Organization","@id":"https:\/\/www.gfaop.org\/institut\/#organization","name":"Institut Jean Lemerle","url":"https:\/\/www.gfaop.org\/institut\/","logo":{"@type":"ImageObject","inLanguage":"fr-FR","@id":"https:\/\/www.gfaop.org\/institut\/#\/schema\/logo\/image\/","url":"https:\/\/www.gfaop.org\/institut\/wp-content\/uploads\/sites\/3\/2024\/03\/GFAOP_Logo_Horizontal_baseline_sans_fond.png","contentUrl":"https:\/\/www.gfaop.org\/institut\/wp-content\/uploads\/sites\/3\/2024\/03\/GFAOP_Logo_Horizontal_baseline_sans_fond.png","width":6211,"height":1821,"caption":"Institut Jean Lemerle"},"image":{"@id":"https:\/\/www.gfaop.org\/institut\/#\/schema\/logo\/image\/"}}]}},"_links":{"self":[{"href":"https:\/\/www.gfaop.org\/institut\/wp-json\/wp\/v2\/pages\/37"}],"collection":[{"href":"https:\/\/www.gfaop.org\/institut\/wp-json\/wp\/v2\/pages"}],"about":[{"href":"https:\/\/www.gfaop.org\/institut\/wp-json\/wp\/v2\/types\/page"}],"author":[{"embeddable":true,"href":"https:\/\/www.gfaop.org\/institut\/wp-json\/wp\/v2\/users\/1"}],"replies":[{"embeddable":true,"href":"https:\/\/www.gfaop.org\/institut\/wp-json\/wp\/v2\/comments?post=37"}],"version-history":[{"count":28,"href":"https:\/\/www.gfaop.org\/institut\/wp-json\/wp\/v2\/pages\/37\/revisions"}],"predecessor-version":[{"id":1559,"href":"https:\/\/www.gfaop.org\/institut\/wp-json\/wp\/v2\/pages\/37\/revisions\/1559"}],"wp:attachment":[{"href":"https:\/\/www.gfaop.org\/institut\/wp-json\/wp\/v2\/media?parent=37"}],"curies":[{"name":"wp","href":"https:\/\/api.w.org\/{rel}","templated":true}]}}