

{"id":503,"date":"2020-02-03T02:04:57","date_gmt":"2020-02-03T02:04:57","guid":{"rendered":"http:\/\/www.gfaop.org\/institut\/?page_id=503"},"modified":"2021-03-25T19:28:53","modified_gmt":"2021-03-25T18:28:53","slug":"les-enseignants","status":"publish","type":"page","link":"https:\/\/www.gfaop.org\/institut\/les-enseignants\/","title":{"rendered":"Les enseignants"},"content":{"rendered":"\t\t<div data-elementor-type=\"wp-post\" data-elementor-id=\"503\" class=\"elementor elementor-503\">\n\t\t\t\t\t\t\t\t\t<section class=\"elementor-section elementor-top-section elementor-element elementor-element-29446bf elementor-section-boxed elementor-section-height-default elementor-section-height-default\" data-id=\"29446bf\" data-element_type=\"section\">\n\t\t\t\t\t\t<div class=\"elementor-container elementor-column-gap-default\">\n\t\t\t\t\t<div class=\"elementor-column elementor-col-100 elementor-top-column elementor-element elementor-element-f5c437b\" data-id=\"f5c437b\" data-element_type=\"column\">\n\t\t\t<div class=\"elementor-widget-wrap elementor-element-populated\">\n\t\t\t\t\t\t\t\t<div class=\"elementor-element elementor-element-bc180cc elementor-widget elementor-widget-heading\" data-id=\"bc180cc\" data-element_type=\"widget\" data-widget_type=\"heading.default\">\n\t\t\t\t<div class=\"elementor-widget-container\">\n\t\t\t<h1 class=\"elementor-heading-title elementor-size-default\">Les comit\u00e9s scientifiques et p\u00e9dagogiques<\/h1>\t\t<\/div>\n\t\t\t\t<\/div>\n\t\t\t\t\t<\/div>\n\t\t<\/div>\n\t\t\t\t\t\t\t<\/div>\n\t\t<\/section>\n\t\t\t\t<section class=\"elementor-section elementor-top-section elementor-element elementor-element-dad5656 elementor-section-boxed elementor-section-height-default elementor-section-height-default\" data-id=\"dad5656\" data-element_type=\"section\">\n\t\t\t\t\t\t<div class=\"elementor-container elementor-column-gap-default\">\n\t\t\t\t\t<div class=\"elementor-column elementor-col-100 elementor-top-column elementor-element elementor-element-e7c6170\" data-id=\"e7c6170\" data-element_type=\"column\">\n\t\t\t<div class=\"elementor-widget-wrap elementor-element-populated\">\n\t\t\t\t\t\t\t\t<div class=\"elementor-element elementor-element-6a3712a elementor-widget elementor-widget-heading\" data-id=\"6a3712a\" data-element_type=\"widget\" data-widget_type=\"heading.default\">\n\t\t\t\t<div class=\"elementor-widget-container\">\n\t\t\t<h2 class=\"elementor-heading-title elementor-size-default\">Le comit\u00e9 scientifique<\/h2>\t\t<\/div>\n\t\t\t\t<\/div>\n\t\t\t\t\t<\/div>\n\t\t<\/div>\n\t\t\t\t\t\t\t<\/div>\n\t\t<\/section>\n\t\t\t\t<section class=\"elementor-section elementor-top-section elementor-element elementor-element-7f2295f elementor-section-boxed elementor-section-height-default elementor-section-height-default\" data-id=\"7f2295f\" data-element_type=\"section\">\n\t\t\t\t\t\t<div class=\"elementor-container elementor-column-gap-default\">\n\t\t\t\t\t<div class=\"elementor-column elementor-col-100 elementor-top-column elementor-element elementor-element-a2e5c03\" data-id=\"a2e5c03\" data-element_type=\"column\">\n\t\t\t<div class=\"elementor-widget-wrap elementor-element-populated\">\n\t\t\t\t\t\t\t\t<div class=\"elementor-element elementor-element-2c733e6 elementor-widget elementor-widget-text-editor\" data-id=\"2c733e6\" data-element_type=\"widget\" data-widget_type=\"text-editor.default\">\n\t\t\t\t<div class=\"elementor-widget-container\">\n\t\t\t\t\t\t\t\t\t\t\t\t\t<\/div>\n\t\t\t\t<\/div>\n\t\t\t\t<div class=\"elementor-element elementor-element-59f5f49 elementor-widget elementor-widget-text-editor\" data-id=\"59f5f49\" data-element_type=\"widget\" data-widget_type=\"text-editor.default\">\n\t\t\t\t<div class=\"elementor-widget-container\">\n\t\t\t\t\t\t\t<p><span style=\"color: #808080;\">Il est constitu\u00e9 de membres repr\u00e9sentatifs des unit\u00e9s d&#8217;oncologie p\u00e9diatriques, d\u2019un repr\u00e9sentant du Centre d\u2019excellence M\u00e8re enfant et de membres du GFAOP, il oriente les programmes de formation de l\u2019institut.<\/span><\/p>\t\t\t\t\t\t<\/div>\n\t\t\t\t<\/div>\n\t\t\t\t<div class=\"elementor-element elementor-element-49a30db elementor-widget elementor-widget-image\" data-id=\"49a30db\" data-element_type=\"widget\" data-widget_type=\"image.default\">\n\t\t\t\t<div class=\"elementor-widget-container\">\n\t\t\t\t\t\t\t\t\t\t\t\t<figure class=\"wp-caption\">\n\t\t\t\t\t\t\t\t\t\t<img decoding=\"async\" loading=\"lazy\" width=\"300\" height=\"225\" src=\"https:\/\/www.gfaop.org\/institut\/wp-content\/uploads\/sites\/3\/2020\/02\/IAFOP-065-300x225.jpg\" class=\"attachment-medium size-medium wp-image-541\" alt=\"\" srcset=\"https:\/\/www.gfaop.org\/institut\/wp-content\/uploads\/sites\/3\/2020\/02\/IAFOP-065-300x225.jpg 300w, https:\/\/www.gfaop.org\/institut\/wp-content\/uploads\/sites\/3\/2020\/02\/IAFOP-065-768x576.jpg 768w, https:\/\/www.gfaop.org\/institut\/wp-content\/uploads\/sites\/3\/2020\/02\/IAFOP-065.jpg 800w\" sizes=\"(max-width: 300px) 100vw, 300px\" \/>\t\t\t\t\t\t\t\t\t\t\t<figcaption class=\"widget-image-caption wp-caption-text\">Comit\u00e9 scientifique de l'Instititut Jean Lemerle en 2018<\/figcaption>\n\t\t\t\t\t\t\t\t\t\t<\/figure>\n\t\t\t\t\t\t\t\t\t<\/div>\n\t\t\t\t<\/div>\n\t\t\t\t\t<\/div>\n\t\t<\/div>\n\t\t\t\t\t\t\t<\/div>\n\t\t<\/section>\n\t\t\t\t<section class=\"elementor-section elementor-top-section elementor-element elementor-element-b9ea370 elementor-section-boxed elementor-section-height-default elementor-section-height-default\" data-id=\"b9ea370\" data-element_type=\"section\">\n\t\t\t\t\t\t<div class=\"elementor-container elementor-column-gap-default\">\n\t\t\t\t\t<div class=\"elementor-column elementor-col-100 elementor-top-column elementor-element elementor-element-e2199f8\" data-id=\"e2199f8\" data-element_type=\"column\">\n\t\t\t<div class=\"elementor-widget-wrap elementor-element-populated\">\n\t\t\t\t\t\t\t\t<div class=\"elementor-element elementor-element-801f81b elementor-widget elementor-widget-heading\" data-id=\"801f81b\" data-element_type=\"widget\" data-widget_type=\"heading.default\">\n\t\t\t\t<div class=\"elementor-widget-container\">\n\t\t\t<h2 class=\"elementor-heading-title elementor-size-default\">Les comit\u00e9s p\u00e9dagogiques<\/h2>\t\t<\/div>\n\t\t\t\t<\/div>\n\t\t\t\t\t<\/div>\n\t\t<\/div>\n\t\t\t\t\t\t\t<\/div>\n\t\t<\/section>\n\t\t\t\t<section class=\"elementor-section elementor-top-section elementor-element elementor-element-a8ae9ed elementor-section-boxed elementor-section-height-default elementor-section-height-default\" data-id=\"a8ae9ed\" data-element_type=\"section\">\n\t\t\t\t\t\t<div class=\"elementor-container elementor-column-gap-default\">\n\t\t\t\t\t<div class=\"elementor-column elementor-col-100 elementor-top-column elementor-element elementor-element-bcfa47b\" data-id=\"bcfa47b\" data-element_type=\"column\">\n\t\t\t<div class=\"elementor-widget-wrap elementor-element-populated\">\n\t\t\t\t\t\t\t\t<div class=\"elementor-element elementor-element-4944c2b elementor-widget elementor-widget-text-editor\" data-id=\"4944c2b\" data-element_type=\"widget\" data-widget_type=\"text-editor.default\">\n\t\t\t\t<div class=\"elementor-widget-container\">\n\t\t\t\t\t\t\t<p>Ils d\u00e9finissent les formations et leur coh\u00e9rence avec les autres formations de l\u2019Ecole Africaine d\u2019Oncologie P\u00e9diatrique. Ils valident les contenus, les \u00e9tudes associ\u00e9es, les \u00e9valuations et les d\u00e9clinaisons en E-sant\u00e9<\/p>\t\t\t\t\t\t<\/div>\n\t\t\t\t<\/div>\n\t\t\t\t<div class=\"elementor-element elementor-element-553c429 elementor-widget elementor-widget-gallery\" data-id=\"553c429\" data-element_type=\"widget\" data-settings=\"{&quot;lazyload&quot;:&quot;yes&quot;,&quot;gallery_layout&quot;:&quot;grid&quot;,&quot;columns&quot;:4,&quot;columns_tablet&quot;:2,&quot;columns_mobile&quot;:1,&quot;gap&quot;:{&quot;unit&quot;:&quot;px&quot;,&quot;size&quot;:10,&quot;sizes&quot;:[]},&quot;gap_tablet&quot;:{&quot;unit&quot;:&quot;px&quot;,&quot;size&quot;:10,&quot;sizes&quot;:[]},&quot;gap_mobile&quot;:{&quot;unit&quot;:&quot;px&quot;,&quot;size&quot;:10,&quot;sizes&quot;:[]},&quot;link_to&quot;:&quot;file&quot;,&quot;aspect_ratio&quot;:&quot;3:2&quot;,&quot;overlay_background&quot;:&quot;yes&quot;,&quot;content_hover_animation&quot;:&quot;fade-in&quot;}\" data-widget_type=\"gallery.default\">\n\t\t\t\t<div class=\"elementor-widget-container\">\n\t\t\t\t\t<div class=\"elementor-gallery__container\">\n\t\t\t\t\t\t\t<a class=\"e-gallery-item elementor-gallery-item elementor-animated-content\" href=\"https:\/\/www.gfaop.org\/institut\/wp-content\/uploads\/sites\/3\/2020\/03\/photo-de-groupe-comite-Diag-pr\u00e9coce.jpg\" data-elementor-open-lightbox=\"yes\" data-elementor-lightbox-slideshow=\"all-553c429\" data-elementor-lightbox-title=\"photo de groupe comite Diag pr\u00e9coce\" data-e-action-hash=\"#elementor-action%3Aaction%3Dlightbox%26settings%3DeyJpZCI6NTkxLCJ1cmwiOiJodHRwczpcL1wvd3d3LmdmYW9wLm9yZ1wvaW5zdGl0dXRcL3dwLWNvbnRlbnRcL3VwbG9hZHNcL3NpdGVzXC8zXC8yMDIwXC8wM1wvcGhvdG8tZGUtZ3JvdXBlLWNvbWl0ZS1EaWFnLXByXHUwMGU5Y29jZS5qcGciLCJzbGlkZXNob3ciOiJhbGwtNTUzYzQyOSJ9\">\n\t\t\t\t\t<div class=\"e-gallery-image elementor-gallery-item__image\" data-thumbnail=\"https:\/\/www.gfaop.org\/institut\/wp-content\/uploads\/sites\/3\/2020\/03\/photo-de-groupe-comite-Diag-pr\u00e9coce-300x179.jpg\" data-width=\"300\" data-height=\"179\" alt=\"\" ><\/div>\n\t\t\t\t\t\t\t\t\t\t\t<div class=\"elementor-gallery-item__overlay\"><\/div>\n\t\t\t\t\t\t\t\t\t\t\t\t\t\t<\/a>\n\t\t\t\t\t\t\t<a class=\"e-gallery-item elementor-gallery-item elementor-animated-content\" href=\"https:\/\/www.gfaop.org\/institut\/wp-content\/uploads\/sites\/3\/2020\/03\/DSC_3234.jpg\" data-elementor-open-lightbox=\"yes\" data-elementor-lightbox-slideshow=\"all-553c429\" data-elementor-lightbox-title=\"DSC_3234\" data-e-action-hash=\"#elementor-action%3Aaction%3Dlightbox%26settings%3DeyJpZCI6NTkyLCJ1cmwiOiJodHRwczpcL1wvd3d3LmdmYW9wLm9yZ1wvaW5zdGl0dXRcL3dwLWNvbnRlbnRcL3VwbG9hZHNcL3NpdGVzXC8zXC8yMDIwXC8wM1wvRFNDXzMyMzQuanBnIiwic2xpZGVzaG93IjoiYWxsLTU1M2M0MjkifQ%3D%3D\">\n\t\t\t\t\t<div class=\"e-gallery-image elementor-gallery-item__image\" data-thumbnail=\"https:\/\/www.gfaop.org\/institut\/wp-content\/uploads\/sites\/3\/2020\/03\/DSC_3234-300x199.jpg\" data-width=\"300\" data-height=\"199\" alt=\"\" ><\/div>\n\t\t\t\t\t\t\t\t\t\t\t<div class=\"elementor-gallery-item__overlay\"><\/div>\n\t\t\t\t\t\t\t\t\t\t\t\t\t\t<\/a>\n\t\t\t\t\t<\/div>\n\t\t\t<\/div>\n\t\t\t\t<\/div>\n\t\t\t\t\t<\/div>\n\t\t<\/div>\n\t\t\t\t\t\t\t<\/div>\n\t\t<\/section>\n\t\t\t\t<section class=\"elementor-section elementor-top-section elementor-element elementor-element-daa1323 elementor-section-boxed elementor-section-height-default elementor-section-height-default\" data-id=\"daa1323\" data-element_type=\"section\">\n\t\t\t\t\t\t<div class=\"elementor-container elementor-column-gap-default\">\n\t\t\t\t\t<div class=\"elementor-column elementor-col-100 elementor-top-column elementor-element elementor-element-36ac5d4\" data-id=\"36ac5d4\" data-element_type=\"column\">\n\t\t\t<div class=\"elementor-widget-wrap elementor-element-populated\">\n\t\t\t\t\t\t\t\t<div class=\"elementor-element elementor-element-611ee71 elementor-widget elementor-widget-heading\" data-id=\"611ee71\" data-element_type=\"widget\" data-widget_type=\"heading.default\">\n\t\t\t\t<div class=\"elementor-widget-container\">\n\t\t\t<h2 class=\"elementor-heading-title elementor-size-default\">Les enseignants<\/h2>\t\t<\/div>\n\t\t\t\t<\/div>\n\t\t\t\t\t<\/div>\n\t\t<\/div>\n\t\t\t\t\t\t\t<\/div>\n\t\t<\/section>\n\t\t\t\t<section class=\"elementor-section elementor-top-section elementor-element elementor-element-2c87d23 elementor-section-boxed elementor-section-height-default elementor-section-height-default\" data-id=\"2c87d23\" data-element_type=\"section\">\n\t\t\t\t\t\t<div class=\"elementor-container elementor-column-gap-default\">\n\t\t\t\t\t<div class=\"elementor-column elementor-col-100 elementor-top-column elementor-element elementor-element-d57091f\" data-id=\"d57091f\" data-element_type=\"column\">\n\t\t\t<div class=\"elementor-widget-wrap elementor-element-populated\">\n\t\t\t\t\t\t\t\t<section class=\"elementor-section elementor-inner-section elementor-element elementor-element-6f45772 elementor-section-boxed elementor-section-height-default elementor-section-height-default\" data-id=\"6f45772\" data-element_type=\"section\">\n\t\t\t\t\t\t<div class=\"elementor-container elementor-column-gap-default\">\n\t\t\t\t\t<div class=\"elementor-column elementor-col-50 elementor-inner-column elementor-element elementor-element-45bd49f\" data-id=\"45bd49f\" data-element_type=\"column\">\n\t\t\t<div class=\"elementor-widget-wrap elementor-element-populated\">\n\t\t\t\t\t\t\t\t<div class=\"elementor-element elementor-element-a203b0d elementor-widget elementor-widget-heading\" data-id=\"a203b0d\" data-element_type=\"widget\" data-widget_type=\"heading.default\">\n\t\t\t\t<div class=\"elementor-widget-container\">\n\t\t\t<h3 class=\"elementor-heading-title elementor-size-medium\">Dr Catherine Patte \u2013 Vice-pr\u00e9sidente  du GFAOP<\/h3>\t\t<\/div>\n\t\t\t\t<\/div>\n\t\t\t\t<div class=\"elementor-element elementor-element-8557e95 elementor-widget elementor-widget-text-editor\" data-id=\"8557e95\" data-element_type=\"widget\" data-widget_type=\"text-editor.default\">\n\t\t\t\t<div class=\"elementor-widget-container\">\n\t\t\t\t\t\t\t<p>Onco-p\u00e9diatre, retrait\u00e9e de Gustave Roussy \u00e0 Villejuif, o\u00f9 elle a exerc\u00e9 comme assistante sp\u00e9cialiste dans le d\u00e9partement d\u2019Oncologie P\u00e9diatrique initialement dirig\u00e9 par Pr Lemerle. Outre la pratique clinique qui a \u00e9t\u00e9 le c\u0153ur de son activit\u00e9, et l\u2019enseignement, elle a beaucoup particip\u00e9 au d\u00e9veloppement de la recherche clinique, en particulier dans les lymphomes de Burkitt, une tumeur des ganglions qui touche essentiellement les enfants. Au fil de ces \u00e9tudes, le traitement a \u00e9t\u00e9 progressivement am\u00e9lior\u00e9 tout en diminuant parall\u00e8lement la longueur des traitements, et les taux de gu\u00e9rison sont pass\u00e9s de 10 % \u00e0 90 % en une vingtaine d\u2019ann\u00e9es. Apr\u00e8s sa retraite, elle a pu s\u2019investir plus largement dans le GFAOP et mettre \u00e0 son service ses comp\u00e9tences d\u2019oncop\u00e9diatre et d\u2019enseignante, ainsi que son exp\u00e9rience dans la recherche clinique au niveau international.<\/p>\t\t\t\t\t\t<\/div>\n\t\t\t\t<\/div>\n\t\t\t\t\t<\/div>\n\t\t<\/div>\n\t\t\t\t<div class=\"elementor-column elementor-col-50 elementor-inner-column elementor-element elementor-element-bf550e0\" data-id=\"bf550e0\" data-element_type=\"column\">\n\t\t\t<div class=\"elementor-widget-wrap elementor-element-populated\">\n\t\t\t\t\t\t\t\t<div class=\"elementor-element elementor-element-8533732 elementor-widget elementor-widget-image\" data-id=\"8533732\" data-element_type=\"widget\" data-widget_type=\"image.default\">\n\t\t\t\t<div class=\"elementor-widget-container\">\n\t\t\t\t\t\t\t\t\t\t\t\t\t\t\t<img decoding=\"async\" loading=\"lazy\" width=\"250\" height=\"298\" src=\"https:\/\/www.gfaop.org\/institut\/wp-content\/uploads\/sites\/3\/2020\/03\/cpatte.jpg\" class=\"attachment-large size-large wp-image-624\" alt=\"\" \/>\t\t\t\t\t\t\t\t\t\t\t\t\t\t\t<\/div>\n\t\t\t\t<\/div>\n\t\t\t\t\t<\/div>\n\t\t<\/div>\n\t\t\t\t\t\t\t<\/div>\n\t\t<\/section>\n\t\t\t\t<section class=\"elementor-section elementor-inner-section elementor-element elementor-element-b49e44e elementor-section-boxed elementor-section-height-default elementor-section-height-default\" data-id=\"b49e44e\" data-element_type=\"section\">\n\t\t\t\t\t\t<div class=\"elementor-container elementor-column-gap-default\">\n\t\t\t\t\t<div class=\"elementor-column elementor-col-50 elementor-inner-column elementor-element elementor-element-0f085b6\" data-id=\"0f085b6\" data-element_type=\"column\">\n\t\t\t<div class=\"elementor-widget-wrap elementor-element-populated\">\n\t\t\t\t\t\t\t\t<div class=\"elementor-element elementor-element-a9df5e2 elementor-widget elementor-widget-heading\" data-id=\"a9df5e2\" data-element_type=\"widget\" data-widget_type=\"heading.default\">\n\t\t\t\t<div class=\"elementor-widget-container\">\n\t\t\t<h3 class=\"elementor-heading-title elementor-size-default\">Pr Mamadou Path\u00e9 Diallo, membre du GFAOP<\/h3>\t\t<\/div>\n\t\t\t\t<\/div>\n\t\t\t\t<div class=\"elementor-element elementor-element-33bb1d2 elementor-widget elementor-widget-text-editor\" data-id=\"33bb1d2\" data-element_type=\"widget\" data-widget_type=\"text-editor.default\">\n\t\t\t\t<div class=\"elementor-widget-container\">\n\t\t\t\t\t\t\t<p>Mamadou Path\u00e9 Diallo est professeur de p\u00e9diatrie depuis 1988. Il est chef du centre m\u00e9dical et du conseil m\u00e9dical (CEMECO) \u00e0 Kip\u00e9, ainsi que chef de l&#8217;unit\u00e9 de p\u00e9diatrie, d&#8217;h\u00e9matologie et d&#8217;oncologie du centre hospitalier universitaire (CHU) \u00e0 Conakry.<br \/>Il est membre du Comit\u00e9 national guin\u00e9en d&#8217;\u00e9thique pour la recherche en sant\u00e9 (CNERS), membre du Coll\u00e8ge des m\u00e9decins d&#8217;Afrique de l&#8217;Ouest (WACP), membre du Groupe franco-africain d&#8217;oncologie p\u00e9diatrique (GFAOP) et membre de l&#8217;ONG AGUIBIOS (Association guin\u00e9en de bios\u00fbret\u00e9 et bios\u00e9curit\u00e9).<br \/>Le professeur MP Diallo a \u00e9t\u00e9 auparavant m\u00e9decin en chef de district, chef de d\u00e9partement \u00e0 l&#8217;h\u00f4pital universitaire de Conakry, ministre de la Sant\u00e9, directeur de l&#8217;Institut r\u00e9gional de sant\u00e9 publique (IRSP) \u00e0 Cotonou (B\u00e9nin) et repr\u00e9sentant de l&#8217;OMS. Il a \u00e9t\u00e9 le pionnier de la mise en \u0153uvre des soins de sant\u00e9 primaires (l&#8217;Initiative de Bamako) en Guin\u00e9e.<\/p>\t\t\t\t\t\t<\/div>\n\t\t\t\t<\/div>\n\t\t\t\t\t<\/div>\n\t\t<\/div>\n\t\t\t\t<div class=\"elementor-column elementor-col-50 elementor-inner-column elementor-element elementor-element-e61c36f\" data-id=\"e61c36f\" data-element_type=\"column\">\n\t\t\t<div class=\"elementor-widget-wrap elementor-element-populated\">\n\t\t\t\t\t\t\t\t<div class=\"elementor-element elementor-element-d587ba0 elementor-widget elementor-widget-image\" data-id=\"d587ba0\" data-element_type=\"widget\" data-widget_type=\"image.default\">\n\t\t\t\t<div class=\"elementor-widget-container\">\n\t\t\t\t\t\t\t\t\t\t\t\t\t\t\t<img decoding=\"async\" loading=\"lazy\" width=\"250\" height=\"276\" src=\"https:\/\/www.gfaop.org\/institut\/wp-content\/uploads\/sites\/3\/2020\/03\/Guin\u00e9e-Pr-Pathe-Diallo-copie.jpg\" class=\"attachment-large size-large wp-image-625\" alt=\"\" \/>\t\t\t\t\t\t\t\t\t\t\t\t\t\t\t<\/div>\n\t\t\t\t<\/div>\n\t\t\t\t\t<\/div>\n\t\t<\/div>\n\t\t\t\t\t\t\t<\/div>\n\t\t<\/section>\n\t\t\t\t<section class=\"elementor-section elementor-inner-section elementor-element elementor-element-1418c2f elementor-section-boxed elementor-section-height-default elementor-section-height-default\" data-id=\"1418c2f\" data-element_type=\"section\">\n\t\t\t\t\t\t<div class=\"elementor-container elementor-column-gap-default\">\n\t\t\t\t\t<div class=\"elementor-column elementor-col-50 elementor-inner-column elementor-element elementor-element-b55b95a\" data-id=\"b55b95a\" data-element_type=\"column\">\n\t\t\t<div class=\"elementor-widget-wrap elementor-element-populated\">\n\t\t\t\t\t\t\t\t<div class=\"elementor-element elementor-element-395e213 elementor-widget elementor-widget-heading\" data-id=\"395e213\" data-element_type=\"widget\" data-widget_type=\"heading.default\">\n\t\t\t\t<div class=\"elementor-widget-container\">\n\t\t\t<h3 class=\"elementor-heading-title elementor-size-default\">Pr Claude Moreira,   membre du GFAOP<\/h3>\t\t<\/div>\n\t\t\t\t<\/div>\n\t\t\t\t<div class=\"elementor-element elementor-element-fdbbf6e elementor-widget elementor-widget-text-editor\" data-id=\"fdbbf6e\" data-element_type=\"widget\" data-widget_type=\"text-editor.default\">\n\t\t\t\t<div class=\"elementor-widget-container\">\n\t\t\t\t\t\t\t<p>Ancien chef de service de l\u2019unit\u00e9 d\u2019Oncologie p\u00e9diatrique de l\u2019Hopital Le Dantec, \u00e0 Dakar<br \/>Directeur de l\u2019Institut Jean Lemerle Il est \u00e9galement impliqu\u00e9 dans de nombreux programmes de recherche sur le cancer infantile et la gestion de la douleur, tant au niveau national que sur la sc\u00e8ne internationale. Il a \u00e9t\u00e9 un des co-fondateur du Groupe Franco Africain d&#8217;Oncologie P\u00e9diatrique en 2000.<\/p>\t\t\t\t\t\t<\/div>\n\t\t\t\t<\/div>\n\t\t\t\t\t<\/div>\n\t\t<\/div>\n\t\t\t\t<div class=\"elementor-column elementor-col-50 elementor-inner-column elementor-element elementor-element-f0364e6\" data-id=\"f0364e6\" data-element_type=\"column\">\n\t\t\t<div class=\"elementor-widget-wrap elementor-element-populated\">\n\t\t\t\t\t\t\t\t<div class=\"elementor-element elementor-element-14cb143 elementor-widget elementor-widget-image\" data-id=\"14cb143\" data-element_type=\"widget\" data-widget_type=\"image.default\">\n\t\t\t\t<div class=\"elementor-widget-container\">\n\t\t\t\t\t\t\t\t\t\t\t\t\t\t\t<img decoding=\"async\" loading=\"lazy\" width=\"167\" height=\"180\" src=\"https:\/\/www.gfaop.org\/institut\/wp-content\/uploads\/sites\/3\/2020\/05\/photo-claude-moreira-6.jpeg\" class=\"attachment-large size-large wp-image-1019\" alt=\"\" \/>\t\t\t\t\t\t\t\t\t\t\t\t\t\t\t<\/div>\n\t\t\t\t<\/div>\n\t\t\t\t\t<\/div>\n\t\t<\/div>\n\t\t\t\t\t\t\t<\/div>\n\t\t<\/section>\n\t\t\t\t<section class=\"elementor-section elementor-inner-section elementor-element elementor-element-1261144 elementor-section-boxed elementor-section-height-default elementor-section-height-default\" data-id=\"1261144\" data-element_type=\"section\">\n\t\t\t\t\t\t<div class=\"elementor-container elementor-column-gap-default\">\n\t\t\t\t\t<div class=\"elementor-column elementor-col-50 elementor-inner-column elementor-element elementor-element-59b057f\" data-id=\"59b057f\" data-element_type=\"column\">\n\t\t\t<div class=\"elementor-widget-wrap elementor-element-populated\">\n\t\t\t\t\t\t\t\t<div class=\"elementor-element elementor-element-a9fa87c elementor-widget elementor-widget-heading\" data-id=\"a9fa87c\" data-element_type=\"widget\" data-widget_type=\"heading.default\">\n\t\t\t\t<div class=\"elementor-widget-container\">\n\t\t\t<h3 class=\"elementor-heading-title elementor-size-default\">Pr Pierre Bey, Pr\u00e9sident du GFAOP et Directeur m\u00e9dical de l\u2019Alliance Mondiale Contre le Cancer (AMCC)<\/h3>\t\t<\/div>\n\t\t\t\t<\/div>\n\t\t\t\t<div class=\"elementor-element elementor-element-72a0d50 elementor-widget elementor-widget-text-editor\" data-id=\"72a0d50\" data-element_type=\"widget\" data-widget_type=\"text-editor.default\">\n\t\t\t\t<div class=\"elementor-widget-container\">\n\t\t\t\t\t\t\t<p>Radioth\u00e9rapeute,\u00a0Professeur e\u0301me\u0301rite de Cance\u0301rologie-Radiothe\u0301rapie a\u0300 l\u2019Universite\u0301 de Lorraine, il\u00a0a \u00e9t\u00e9 directeur de l&#8217;Institut de Canc\u00e9rologie de Lorraine\u00a0de 1991 \u00e0 2001,\u00a0vice-pre\u0301sident de la Fe\u0301de\u0301ration Nationale des Centres de Lutte Contre le Cancer de 1993 a\u0300 2001 puis de 2003 a\u0300 2007,\u00a0Pre\u0301sident du Colle\u0300ge National des Enseignants franc\u0327ais de Cance\u0301rologie de 2001 a\u0300 2007,\u00a0directeur de la Section Me\u0301dicale de l\u2019Institut Curie a\u0300 Paris, de mai 2002 a\u0300 de\u0301cembre 2009. <br \/>Depuis 2010, Pierre BEY est\u00a0conseiller du Pre\u0301sident de l\u2019Institut Curie pour l\u2019aide au de\u0301veloppement de la cance\u0301rologie dans les pays e\u0301mergents et en de\u0301veloppement et est\u00a0directeur m\u00e9dical\u00a0de \u00ab l\u2019Alliance Mondiale Contre le Cancer\u201d, branche franc\u0327aise de l\u2019International Network for Cancer Research and Treatment (INCTR). C&#8217;est dans ce cadre qu&#8217;il coordonne depuis 2011 en partenariat avec le GFAOP et l&#8217;Institut Curie un programme r\u00e9tinoblastome en Afrique sub-saharienne.<\/p>\t\t\t\t\t\t<\/div>\n\t\t\t\t<\/div>\n\t\t\t\t\t<\/div>\n\t\t<\/div>\n\t\t\t\t<div class=\"elementor-column elementor-col-50 elementor-inner-column elementor-element elementor-element-6eaee56\" data-id=\"6eaee56\" data-element_type=\"column\">\n\t\t\t<div class=\"elementor-widget-wrap elementor-element-populated\">\n\t\t\t\t\t\t\t\t<div class=\"elementor-element elementor-element-b4cc195 elementor-widget elementor-widget-image\" data-id=\"b4cc195\" data-element_type=\"widget\" data-widget_type=\"image.default\">\n\t\t\t\t<div class=\"elementor-widget-container\">\n\t\t\t\t\t\t\t\t\t\t\t\t\t\t\t<img decoding=\"async\" loading=\"lazy\" width=\"250\" height=\"332\" src=\"https:\/\/www.gfaop.org\/institut\/wp-content\/uploads\/sites\/3\/2020\/03\/pbey.jpg\" class=\"attachment-large size-large wp-image-628\" alt=\"\" srcset=\"https:\/\/www.gfaop.org\/institut\/wp-content\/uploads\/sites\/3\/2020\/03\/pbey.jpg 250w, https:\/\/www.gfaop.org\/institut\/wp-content\/uploads\/sites\/3\/2020\/03\/pbey-226x300.jpg 226w\" sizes=\"(max-width: 250px) 100vw, 250px\" \/>\t\t\t\t\t\t\t\t\t\t\t\t\t\t\t<\/div>\n\t\t\t\t<\/div>\n\t\t\t\t\t<\/div>\n\t\t<\/div>\n\t\t\t\t\t\t\t<\/div>\n\t\t<\/section>\n\t\t\t\t<section class=\"elementor-section elementor-inner-section elementor-element elementor-element-6f1a8e3 elementor-section-boxed elementor-section-height-default elementor-section-height-default\" data-id=\"6f1a8e3\" data-element_type=\"section\">\n\t\t\t\t\t\t<div class=\"elementor-container elementor-column-gap-default\">\n\t\t\t\t\t<div class=\"elementor-column elementor-col-50 elementor-inner-column elementor-element elementor-element-3ca4837\" data-id=\"3ca4837\" data-element_type=\"column\">\n\t\t\t<div class=\"elementor-widget-wrap elementor-element-populated\">\n\t\t\t\t\t\t\t\t<div class=\"elementor-element elementor-element-7466e64 elementor-widget elementor-widget-heading\" data-id=\"7466e64\" data-element_type=\"widget\" data-widget_type=\"heading.default\">\n\t\t\t\t<div class=\"elementor-widget-container\">\n\t\t\t<h3 class=\"elementor-heading-title elementor-size-default\">Marie Solange Dou\u00e7ot, infirmi\u00e8re, responsable du Comit\u00e9 infirmier au GFAOP<\/h3>\t\t<\/div>\n\t\t\t\t<\/div>\n\t\t\t\t<div class=\"elementor-element elementor-element-c033711 elementor-widget elementor-widget-text-editor\" data-id=\"c033711\" data-element_type=\"widget\" data-widget_type=\"text-editor.default\">\n\t\t\t\t<div class=\"elementor-widget-container\">\n\t\t\t\t\t\t\t<p style=\"font-size: 15px\">Formatrice \u00e0 l&#8217;IFSI (Institut de Formation en Soins Infirmiers) de la Croix Rouge Fran\u00e7aise depuis 2018. Membre du CA et du Comit\u00e9 infirmier du GFAOP depuis 2014. A travaill\u00e9 dans le service d&#8217;oncologie p\u00e9diatrique de l&#8217;Institut Curie \u00e0 Paris pendant 10 ans et a \u00e9t\u00e9 Coordinatrice Territoriale au RIFHOP (R\u00e9seau d\u2019\u00cele de France d&#8217;H\u00e9matologie Oncologie P\u00e9diatrique) pendant 2 ans.<\/p><p><span style=\"font-size: 15px\">Titulaire d&#8217;un Master 2 en Ethique (Science, Sant\u00e9 et Soci\u00e9t\u00e9) avec la Facult\u00e9 de m\u00e9decine de Paris Sud et l&#8217;Espace Ethique APHP\/IDF, elle est\u00a0 par ailleurs membre du Comit\u00e9 Ethique de la Ligue Contre le Cancer sous la pr\u00e9sidence du Pr Axel Kahn.<\/span>.<\/p>\t\t\t\t\t\t<\/div>\n\t\t\t\t<\/div>\n\t\t\t\t\t<\/div>\n\t\t<\/div>\n\t\t\t\t<div class=\"elementor-column elementor-col-50 elementor-inner-column elementor-element elementor-element-d47c80c\" data-id=\"d47c80c\" data-element_type=\"column\">\n\t\t\t<div class=\"elementor-widget-wrap elementor-element-populated\">\n\t\t\t\t\t\t\t\t<div class=\"elementor-element elementor-element-7fbce6d elementor-widget elementor-widget-image\" data-id=\"7fbce6d\" data-element_type=\"widget\" data-widget_type=\"image.default\">\n\t\t\t\t<div class=\"elementor-widget-container\">\n\t\t\t\t\t\t\t\t\t\t\t\t\t\t\t<img decoding=\"async\" loading=\"lazy\" width=\"800\" height=\"594\" src=\"https:\/\/www.gfaop.org\/institut\/wp-content\/uploads\/sites\/3\/2020\/04\/Capture-d\u2019e\u0301cran-2020-04-27-a\u0300-16.16.02.png\" class=\"attachment-large size-large wp-image-944\" alt=\"\" srcset=\"https:\/\/www.gfaop.org\/institut\/wp-content\/uploads\/sites\/3\/2020\/04\/Capture-d\u2019e\u0301cran-2020-04-27-a\u0300-16.16.02.png 825w, https:\/\/www.gfaop.org\/institut\/wp-content\/uploads\/sites\/3\/2020\/04\/Capture-d\u2019e\u0301cran-2020-04-27-a\u0300-16.16.02-300x223.png 300w, https:\/\/www.gfaop.org\/institut\/wp-content\/uploads\/sites\/3\/2020\/04\/Capture-d\u2019e\u0301cran-2020-04-27-a\u0300-16.16.02-768x571.png 768w\" sizes=\"(max-width: 800px) 100vw, 800px\" \/>\t\t\t\t\t\t\t\t\t\t\t\t\t\t\t<\/div>\n\t\t\t\t<\/div>\n\t\t\t\t\t<\/div>\n\t\t<\/div>\n\t\t\t\t\t\t\t<\/div>\n\t\t<\/section>\n\t\t\t\t<section class=\"elementor-section elementor-inner-section elementor-element elementor-element-12c8027 elementor-section-boxed elementor-section-height-default elementor-section-height-default\" data-id=\"12c8027\" data-element_type=\"section\">\n\t\t\t\t\t\t<div class=\"elementor-container elementor-column-gap-default\">\n\t\t\t\t\t<div class=\"elementor-column elementor-col-50 elementor-inner-column elementor-element elementor-element-6ec1844\" data-id=\"6ec1844\" data-element_type=\"column\">\n\t\t\t<div class=\"elementor-widget-wrap elementor-element-populated\">\n\t\t\t\t\t\t\t\t<div class=\"elementor-element elementor-element-e01a0b3 elementor-widget elementor-widget-heading\" data-id=\"e01a0b3\" data-element_type=\"widget\" data-widget_type=\"heading.default\">\n\t\t\t\t<div class=\"elementor-widget-container\">\n\t\t\t<h3 class=\"elementor-heading-title elementor-size-default\">Chantal Thinlot, infirmi\u00e8re, membre du GFAOP<\/h3>\t\t<\/div>\n\t\t\t\t<\/div>\n\t\t\t\t<div class=\"elementor-element elementor-element-843e26f elementor-widget elementor-widget-text-editor\" data-id=\"843e26f\" data-element_type=\"widget\" data-widget_type=\"text-editor.default\">\n\t\t\t\t<div class=\"elementor-widget-container\">\n\t\t\t\t\t\t\t<p>Formatrice &#8211; consultante, retrait\u00e9e : intervient comme vacataire pour des organismes de formations professionnelles agr\u00e9\u00e9es DPC et r\u00e9seaux de canc\u00e9rologie.<br \/>A particip\u00e9 \u00e0 la cr\u00e9ation de l\u2019Ecole de Formation Europ\u00e9enne en Canc\u00e9rologie (EFEC) sous l\u2019\u00e9gide de la F\u00e9d\u00e9ration des Centres de Lutte contre le Cancer et en a \u00e9t\u00e9 la responsable p\u00e9dagogique.<br \/>A exerc\u00e9 dans les centres : Georges Fran\u00e7ois Leclerc (Dijon), Paul Strauss (Strasbourg) et Gustave Roussy (Villejuif) pendant 22 ans dont 8 ans comme cadre sup\u00e9rieur de sant\u00e9 dans le service d\u2019oncologie p\u00e9diatrique.<br \/>Titulaire du baccalaur\u00e9at en sciences infirmi\u00e8res (U Marguerite d\u2019Youville Montr\u00e9al), certificat de cadre de sant\u00e9, certificat d\u2019hygi\u00e8ne et de st\u00e9rilisation (CH Cahors), d\u2019une ma\u00eetrise en sciences sanitaires et sociales de l\u2019Ecole Internationale d\u2019Enseignement Infirmier Sup\u00e9rieur (EIEIS) sous l\u2019\u00e9gide de l\u2019OMS-Lyon, d\u2019un DEA en management socio-\u00e9conomique des organisations et entreprises Lyon 2, d\u2019un niveau de ma\u00eetrise en sciences de l\u2019\u00e9ducation Lyon 2.<\/p>\t\t\t\t\t\t<\/div>\n\t\t\t\t<\/div>\n\t\t\t\t\t<\/div>\n\t\t<\/div>\n\t\t\t\t<div class=\"elementor-column elementor-col-50 elementor-inner-column elementor-element elementor-element-3483895\" data-id=\"3483895\" data-element_type=\"column\">\n\t\t\t<div class=\"elementor-widget-wrap elementor-element-populated\">\n\t\t\t\t\t\t\t\t<div class=\"elementor-element elementor-element-c84c44d elementor-widget elementor-widget-image\" data-id=\"c84c44d\" data-element_type=\"widget\" data-widget_type=\"image.default\">\n\t\t\t\t<div class=\"elementor-widget-container\">\n\t\t\t\t\t\t\t\t\t\t\t\t\t\t\t<img decoding=\"async\" loading=\"lazy\" width=\"250\" height=\"335\" src=\"https:\/\/www.gfaop.org\/institut\/wp-content\/uploads\/sites\/3\/2020\/03\/ils-temoignent-chantal-thinlot-AVRIL-2015-057-copie.jpg\" class=\"attachment-large size-large wp-image-626\" alt=\"\" srcset=\"https:\/\/www.gfaop.org\/institut\/wp-content\/uploads\/sites\/3\/2020\/03\/ils-temoignent-chantal-thinlot-AVRIL-2015-057-copie.jpg 250w, https:\/\/www.gfaop.org\/institut\/wp-content\/uploads\/sites\/3\/2020\/03\/ils-temoignent-chantal-thinlot-AVRIL-2015-057-copie-224x300.jpg 224w\" sizes=\"(max-width: 250px) 100vw, 250px\" \/>\t\t\t\t\t\t\t\t\t\t\t\t\t\t\t<\/div>\n\t\t\t\t<\/div>\n\t\t\t\t\t<\/div>\n\t\t<\/div>\n\t\t\t\t\t\t\t<\/div>\n\t\t<\/section>\n\t\t\t\t<section class=\"elementor-section elementor-inner-section elementor-element elementor-element-a261b78 elementor-section-boxed elementor-section-height-default elementor-section-height-default\" data-id=\"a261b78\" data-element_type=\"section\">\n\t\t\t\t\t\t<div class=\"elementor-container elementor-column-gap-default\">\n\t\t\t\t\t<div class=\"elementor-column elementor-col-33 elementor-inner-column elementor-element elementor-element-243d2b5\" data-id=\"243d2b5\" data-element_type=\"column\">\n\t\t\t<div class=\"elementor-widget-wrap elementor-element-populated\">\n\t\t\t\t\t\t\t\t<div class=\"elementor-element elementor-element-df32f44 elementor-widget elementor-widget-text-editor\" data-id=\"df32f44\" data-element_type=\"widget\" data-widget_type=\"text-editor.default\">\n\t\t\t\t<div class=\"elementor-widget-container\">\n\t\t\t\t\t\t\t<p>\u00a0 <b>Chef de projet op\u00e9rationnel<\/b><\/p>\t\t\t\t\t\t<\/div>\n\t\t\t\t<\/div>\n\t\t\t\t\t<\/div>\n\t\t<\/div>\n\t\t\t\t<div class=\"elementor-column elementor-col-33 elementor-inner-column elementor-element elementor-element-7caebb1\" data-id=\"7caebb1\" data-element_type=\"column\">\n\t\t\t<div class=\"elementor-widget-wrap elementor-element-populated\">\n\t\t\t\t\t\t\t\t<div class=\"elementor-element elementor-element-2f98234 elementor-widget elementor-widget-text-editor\" data-id=\"2f98234\" data-element_type=\"widget\" data-widget_type=\"text-editor.default\">\n\t\t\t\t<div class=\"elementor-widget-container\">\n\t\t\t\t\t\t\t<h5><strong>\u00a0Fatou Lama Dieye<\/strong><\/h5>\t\t\t\t\t\t<\/div>\n\t\t\t\t<\/div>\n\t\t\t\t<div class=\"elementor-element elementor-element-36eedec elementor-widget elementor-widget-text-editor\" data-id=\"36eedec\" data-element_type=\"widget\" data-widget_type=\"text-editor.default\">\n\t\t\t\t<div class=\"elementor-widget-container\">\n\t\t\t\t\t\t\t<p><span style=\"font-size: 16px;text-align: start\">Pharmacienne, titulaire d\u2019un MBA en Gestion de Projets et Programmes de Sante\u0301.<\/span><br style=\"font-size: 16px;text-align: start\" \/><span style=\"font-size: 16px;text-align: start\">Elle a une expe\u0301rience ante\u0301rieure dans le domaine des formations en sante\u0301.<\/span><\/p>\t\t\t\t\t\t<\/div>\n\t\t\t\t<\/div>\n\t\t\t\t\t<\/div>\n\t\t<\/div>\n\t\t\t\t<div class=\"elementor-column elementor-col-33 elementor-inner-column elementor-element elementor-element-a5f2ea0\" data-id=\"a5f2ea0\" data-element_type=\"column\">\n\t\t\t<div class=\"elementor-widget-wrap elementor-element-populated\">\n\t\t\t\t\t\t\t\t<div class=\"elementor-element elementor-element-f6ed4b8 elementor-widget elementor-widget-image\" data-id=\"f6ed4b8\" data-element_type=\"widget\" data-widget_type=\"image.default\">\n\t\t\t\t<div class=\"elementor-widget-container\">\n\t\t\t\t\t\t\t\t\t\t\t\t\t\t\t<img decoding=\"async\" loading=\"lazy\" width=\"222\" height=\"300\" src=\"https:\/\/www.gfaop.org\/institut\/wp-content\/uploads\/sites\/3\/2020\/04\/Capture-d\u2019e\u0301cran-2020-04-20-a\u0300-11.56.31-222x300.png\" class=\"attachment-medium size-medium wp-image-930\" alt=\"\" srcset=\"https:\/\/www.gfaop.org\/institut\/wp-content\/uploads\/sites\/3\/2020\/04\/Capture-d\u2019e\u0301cran-2020-04-20-a\u0300-11.56.31-222x300.png 222w, https:\/\/www.gfaop.org\/institut\/wp-content\/uploads\/sites\/3\/2020\/04\/Capture-d\u2019e\u0301cran-2020-04-20-a\u0300-11.56.31.png 604w\" sizes=\"(max-width: 222px) 100vw, 222px\" \/>\t\t\t\t\t\t\t\t\t\t\t\t\t\t\t<\/div>\n\t\t\t\t<\/div>\n\t\t\t\t\t<\/div>\n\t\t<\/div>\n\t\t\t\t\t\t\t<\/div>\n\t\t<\/section>\n\t\t\t\t\t<\/div>\n\t\t<\/div>\n\t\t\t\t\t\t\t<\/div>\n\t\t<\/section>\n\t\t\t\t\t\t\t<\/div>\n\t\t","protected":false},"excerpt":{"rendered":"<p>Les comit\u00e9s scientifiques et p\u00e9dagogiques Le comit\u00e9 scientifique Il est constitu\u00e9 de membres repr\u00e9sentatifs des unit\u00e9s d&#8217;oncologie p\u00e9diatriques, d\u2019un repr\u00e9sentant du Centre d\u2019excellence M\u00e8re enfant et de membres du GFAOP, il oriente les programmes de formation de l\u2019institut. Comit\u00e9 scientifique de l&#8217;Instititut Jean Lemerle en 2018 Les comit\u00e9s p\u00e9dagogiques Ils d\u00e9finissent les formations et leur [&hellip;]<\/p>\n","protected":false},"author":1,"featured_media":0,"parent":0,"menu_order":0,"comment_status":"closed","ping_status":"closed","template":"elementor_header_footer","meta":{"footnotes":"","_links_to":"","_links_to_target":""},"yoast_head":"<!-- This site is optimized with the Yoast SEO Premium plugin v20.4 (Yoast SEO v20.4) - https:\/\/yoast.com\/wordpress\/plugins\/seo\/ -->\n<title>Les enseignants - Institut Jean Lemerle<\/title>\n<meta name=\"robots\" content=\"index, follow, max-snippet:-1, max-image-preview:large, max-video-preview:-1\" \/>\n<link rel=\"canonical\" href=\"https:\/\/www.gfaop.org\/institut\/les-enseignants\/\" \/>\n<meta property=\"og:locale\" content=\"fr_FR\" \/>\n<meta property=\"og:type\" content=\"article\" \/>\n<meta property=\"og:title\" content=\"Les enseignants\" \/>\n<meta property=\"og:description\" content=\"Les comit\u00e9s scientifiques et p\u00e9dagogiques Le comit\u00e9 scientifique Il est constitu\u00e9 de membres repr\u00e9sentatifs des unit\u00e9s d&#8217;oncologie p\u00e9diatriques, d\u2019un repr\u00e9sentant du Centre d\u2019excellence M\u00e8re enfant et de membres du GFAOP, il oriente les programmes de formation de l\u2019institut. Comit\u00e9 scientifique de l&#8217;Instititut Jean Lemerle en 2018 Les comit\u00e9s p\u00e9dagogiques Ils d\u00e9finissent les formations et leur [&hellip;]\" \/>\n<meta property=\"og:url\" content=\"https:\/\/www.gfaop.org\/institut\/les-enseignants\/\" \/>\n<meta property=\"og:site_name\" content=\"Institut Jean Lemerle\" \/>\n<meta property=\"article:modified_time\" content=\"2021-03-25T18:28:53+00:00\" \/>\n<meta property=\"og:image\" content=\"https:\/\/www.gfaop.org\/institut\/wp-content\/uploads\/sites\/3\/2020\/02\/IAFOP-065-300x225.jpg\" \/>\n<meta name=\"twitter:card\" content=\"summary_large_image\" \/>\n<meta name=\"twitter:label1\" content=\"Dur\u00e9e de lecture estim\u00e9e\" \/>\n\t<meta name=\"twitter:data1\" content=\"6 minutes\" \/>\n<script type=\"application\/ld+json\" class=\"yoast-schema-graph\">{\"@context\":\"https:\/\/schema.org\",\"@graph\":[{\"@type\":\"WebPage\",\"@id\":\"https:\/\/www.gfaop.org\/institut\/les-enseignants\/\",\"url\":\"https:\/\/www.gfaop.org\/institut\/les-enseignants\/\",\"name\":\"Les enseignants - Institut Jean Lemerle\",\"isPartOf\":{\"@id\":\"https:\/\/www.gfaop.org\/institut\/#website\"},\"datePublished\":\"2020-02-03T02:04:57+00:00\",\"dateModified\":\"2021-03-25T18:28:53+00:00\",\"breadcrumb\":{\"@id\":\"https:\/\/www.gfaop.org\/institut\/les-enseignants\/#breadcrumb\"},\"inLanguage\":\"fr-FR\",\"potentialAction\":[{\"@type\":\"ReadAction\",\"target\":[\"https:\/\/www.gfaop.org\/institut\/les-enseignants\/\"]}]},{\"@type\":\"BreadcrumbList\",\"@id\":\"https:\/\/www.gfaop.org\/institut\/les-enseignants\/#breadcrumb\",\"itemListElement\":[{\"@type\":\"ListItem\",\"position\":1,\"name\":\"Accueil\",\"item\":\"https:\/\/www.gfaop.org\/institut\/\"},{\"@type\":\"ListItem\",\"position\":2,\"name\":\"Les enseignants\"}]},{\"@type\":\"WebSite\",\"@id\":\"https:\/\/www.gfaop.org\/institut\/#website\",\"url\":\"https:\/\/www.gfaop.org\/institut\/\",\"name\":\"Institut Jean Lemerle\",\"description\":\"\",\"publisher\":{\"@id\":\"https:\/\/www.gfaop.org\/institut\/#organization\"},\"potentialAction\":[{\"@type\":\"SearchAction\",\"target\":{\"@type\":\"EntryPoint\",\"urlTemplate\":\"https:\/\/www.gfaop.org\/institut\/?s={search_term_string}\"},\"query-input\":\"required name=search_term_string\"}],\"inLanguage\":\"fr-FR\"},{\"@type\":\"Organization\",\"@id\":\"https:\/\/www.gfaop.org\/institut\/#organization\",\"name\":\"Institut Jean Lemerle\",\"url\":\"https:\/\/www.gfaop.org\/institut\/\",\"logo\":{\"@type\":\"ImageObject\",\"inLanguage\":\"fr-FR\",\"@id\":\"https:\/\/www.gfaop.org\/institut\/#\/schema\/logo\/image\/\",\"url\":\"https:\/\/www.gfaop.org\/institut\/wp-content\/uploads\/sites\/3\/2024\/03\/GFAOP_Logo_Horizontal_baseline_sans_fond.png\",\"contentUrl\":\"https:\/\/www.gfaop.org\/institut\/wp-content\/uploads\/sites\/3\/2024\/03\/GFAOP_Logo_Horizontal_baseline_sans_fond.png\",\"width\":6211,\"height\":1821,\"caption\":\"Institut Jean Lemerle\"},\"image\":{\"@id\":\"https:\/\/www.gfaop.org\/institut\/#\/schema\/logo\/image\/\"}}]}<\/script>\n<!-- \/ Yoast SEO Premium plugin. -->","yoast_head_json":{"title":"Les enseignants - Institut Jean Lemerle","robots":{"index":"index","follow":"follow","max-snippet":"max-snippet:-1","max-image-preview":"max-image-preview:large","max-video-preview":"max-video-preview:-1"},"canonical":"https:\/\/www.gfaop.org\/institut\/les-enseignants\/","og_locale":"fr_FR","og_type":"article","og_title":"Les enseignants","og_description":"Les comit\u00e9s scientifiques et p\u00e9dagogiques Le comit\u00e9 scientifique Il est constitu\u00e9 de membres repr\u00e9sentatifs des unit\u00e9s d&#8217;oncologie p\u00e9diatriques, d\u2019un repr\u00e9sentant du Centre d\u2019excellence M\u00e8re enfant et de membres du GFAOP, il oriente les programmes de formation de l\u2019institut. Comit\u00e9 scientifique de l&#8217;Instititut Jean Lemerle en 2018 Les comit\u00e9s p\u00e9dagogiques Ils d\u00e9finissent les formations et leur [&hellip;]","og_url":"https:\/\/www.gfaop.org\/institut\/les-enseignants\/","og_site_name":"Institut Jean Lemerle","article_modified_time":"2021-03-25T18:28:53+00:00","og_image":[{"url":"https:\/\/www.gfaop.org\/institut\/wp-content\/uploads\/sites\/3\/2020\/02\/IAFOP-065-300x225.jpg"}],"twitter_card":"summary_large_image","twitter_misc":{"Dur\u00e9e de lecture estim\u00e9e":"6 minutes"},"schema":{"@context":"https:\/\/schema.org","@graph":[{"@type":"WebPage","@id":"https:\/\/www.gfaop.org\/institut\/les-enseignants\/","url":"https:\/\/www.gfaop.org\/institut\/les-enseignants\/","name":"Les enseignants - Institut Jean Lemerle","isPartOf":{"@id":"https:\/\/www.gfaop.org\/institut\/#website"},"datePublished":"2020-02-03T02:04:57+00:00","dateModified":"2021-03-25T18:28:53+00:00","breadcrumb":{"@id":"https:\/\/www.gfaop.org\/institut\/les-enseignants\/#breadcrumb"},"inLanguage":"fr-FR","potentialAction":[{"@type":"ReadAction","target":["https:\/\/www.gfaop.org\/institut\/les-enseignants\/"]}]},{"@type":"BreadcrumbList","@id":"https:\/\/www.gfaop.org\/institut\/les-enseignants\/#breadcrumb","itemListElement":[{"@type":"ListItem","position":1,"name":"Accueil","item":"https:\/\/www.gfaop.org\/institut\/"},{"@type":"ListItem","position":2,"name":"Les enseignants"}]},{"@type":"WebSite","@id":"https:\/\/www.gfaop.org\/institut\/#website","url":"https:\/\/www.gfaop.org\/institut\/","name":"Institut Jean Lemerle","description":"","publisher":{"@id":"https:\/\/www.gfaop.org\/institut\/#organization"},"potentialAction":[{"@type":"SearchAction","target":{"@type":"EntryPoint","urlTemplate":"https:\/\/www.gfaop.org\/institut\/?s={search_term_string}"},"query-input":"required name=search_term_string"}],"inLanguage":"fr-FR"},{"@type":"Organization","@id":"https:\/\/www.gfaop.org\/institut\/#organization","name":"Institut Jean Lemerle","url":"https:\/\/www.gfaop.org\/institut\/","logo":{"@type":"ImageObject","inLanguage":"fr-FR","@id":"https:\/\/www.gfaop.org\/institut\/#\/schema\/logo\/image\/","url":"https:\/\/www.gfaop.org\/institut\/wp-content\/uploads\/sites\/3\/2024\/03\/GFAOP_Logo_Horizontal_baseline_sans_fond.png","contentUrl":"https:\/\/www.gfaop.org\/institut\/wp-content\/uploads\/sites\/3\/2024\/03\/GFAOP_Logo_Horizontal_baseline_sans_fond.png","width":6211,"height":1821,"caption":"Institut Jean Lemerle"},"image":{"@id":"https:\/\/www.gfaop.org\/institut\/#\/schema\/logo\/image\/"}}]}},"_links":{"self":[{"href":"https:\/\/www.gfaop.org\/institut\/wp-json\/wp\/v2\/pages\/503"}],"collection":[{"href":"https:\/\/www.gfaop.org\/institut\/wp-json\/wp\/v2\/pages"}],"about":[{"href":"https:\/\/www.gfaop.org\/institut\/wp-json\/wp\/v2\/types\/page"}],"author":[{"embeddable":true,"href":"https:\/\/www.gfaop.org\/institut\/wp-json\/wp\/v2\/users\/1"}],"replies":[{"embeddable":true,"href":"https:\/\/www.gfaop.org\/institut\/wp-json\/wp\/v2\/comments?post=503"}],"version-history":[{"count":48,"href":"https:\/\/www.gfaop.org\/institut\/wp-json\/wp\/v2\/pages\/503\/revisions"}],"predecessor-version":[{"id":1633,"href":"https:\/\/www.gfaop.org\/institut\/wp-json\/wp\/v2\/pages\/503\/revisions\/1633"}],"wp:attachment":[{"href":"https:\/\/www.gfaop.org\/institut\/wp-json\/wp\/v2\/media?parent=503"}],"curies":[{"name":"wp","href":"https:\/\/api.w.org\/{rel}","templated":true}]}}